{"id":58040,"date":"2025-10-20T10:59:34","date_gmt":"2025-10-20T10:59:34","guid":{"rendered":"https:\/\/ibima.eu\/?page_id=58040"},"modified":"2025-10-20T11:07:52","modified_gmt":"2025-10-20T11:07:52","slug":"era4health-prevent-oo-2026","status":"publish","type":"page","link":"https:\/\/ibima.eu\/en\/era4health-prevent-oo-2026\/","title":{"rendered":"ERA4Health &#8211; PREVENT-OO 2026"},"content":{"rendered":"<p>[et_pb_section fb_built=\u00bb1&#8243; admin_label=\u00bbsection\u00bb _builder_version=\u00bb4.25.1&#8243; custom_padding=\u00bb||0px|||\u00bb locked=\u00bboff\u00bb collapsed=\u00bboff\u00bb global_colors_info=\u00bb{}\u00bb][et_pb_row column_structure=\u00bb1_5,3_5,1_5&#8243; _builder_version=\u00bb4.27.4&#8243; _module_preset=\u00bbdefault\u00bb custom_margin=\u00bb21px||||false|false\u00bb global_colors_info=\u00bb{}\u00bb][et_pb_column type=\u00bb1_5&#8243; _builder_version=\u00bb4.25.1&#8243; _module_preset=\u00bbdefault\u00bb global_colors_info=\u00bb{}\u00bb][\/et_pb_column][et_pb_column type=\u00bb3_5&#8243; _builder_version=\u00bb4.25.1&#8243; _module_preset=\u00bbdefault\u00bb global_colors_info=\u00bb{}\u00bb][et_pb_image src=\u00bbhttps:\/\/ibima.eu\/wp-content\/uploads\/2025\/10\/ERA4Health-logo.png\u00bb title_text=\u00bbERA4Health logo\u00bb align=\u00bbcenter\u00bb _builder_version=\u00bb4.27.4&#8243; _module_preset=\u00bbdefault\u00bb width=\u00bb54%\u00bb module_alignment=\u00bbcenter\u00bb custom_margin=\u00bb26px||||false|false\u00bb global_colors_info=\u00bb{}\u00bb][\/et_pb_image][\/et_pb_column][et_pb_column type=\u00bb1_5&#8243; _builder_version=\u00bb4.25.1&#8243; _module_preset=\u00bbdefault\u00bb global_colors_info=\u00bb{}\u00bb][\/et_pb_column][\/et_pb_row][et_pb_row _builder_version=\u00bb4.27.4&#8243; _module_preset=\u00bbdefault\u00bb custom_margin=\u00bb59px||||false|false\u00bb global_colors_info=\u00bb{}\u00bb][et_pb_column type=\u00bb4_4&#8243; _builder_version=\u00bb4.25.1&#8243; _module_preset=\u00bbdefault\u00bb global_colors_info=\u00bb{}\u00bb][et_pb_heading title=\u00bbERA4Health Preanuncio &#8211; Understanding and Preventing Overweight and Obesity (Prevent-OO)\u00bb _builder_version=\u00bb4.27.4&#8243; _module_preset=\u00bbdefault\u00bb title_text_align=\u00bbcenter\u00bb title_text_color=\u00bb#0C71C3&#8243; title_line_height=\u00bb1.3em\u00bb module_alignment=\u00bbcenter\u00bb global_colors_info=\u00bb{}\u00bb][\/et_pb_heading][\/et_pb_column][\/et_pb_row][et_pb_row _builder_version=\u00bb4.27.4&#8243; _module_preset=\u00bbdefault\u00bb width=\u00bb75.9%\u00bb custom_margin=\u00bb20px|auto||159px|false|false\u00bb global_colors_info=\u00bb{}\u00bb][et_pb_column type=\u00bb4_4&#8243; _builder_version=\u00bb4.25.1&#8243; _module_preset=\u00bbdefault\u00bb global_colors_info=\u00bb{}\u00bb][et_pb_text admin_label=\u00bbText\u00bb _builder_version=\u00bb4.27.4&#8243; header_text_color=\u00bb#000000&#8243; background_size=\u00bbinitial\u00bb background_position=\u00bbtop_left\u00bb background_repeat=\u00bbrepeat\u00bb width=\u00bb100%\u00bb custom_margin=\u00bb1px|-78px|||false|false\u00bb global_colors_info=\u00bb{}\u00bb]<\/p>\n<p data-start=\"301\" data-end=\"652\" style=\"text-align: justify;\">La Asociaci\u00f3n Europea <strong data-start=\"323\" data-end=\"385\">ERA4Health <\/strong>lanzar\u00e1 en <strong data-start=\"397\" data-end=\"418\">noviembre de 2025<\/strong> la convocatoria transnacional <strong data-start=\"286\" data-end=\"305\">PREVENT-OO 2026<\/strong>, destinada a financiar proyectos de investigaci\u00f3n transnacional centrados en la comprensi\u00f3n y prevenci\u00f3n del <strong data-start=\"415\" data-end=\"442\">sobrepeso y la obesidad<\/strong>, explorando sus mecanismos de inicio y progresi\u00f3n, determinantes descuidados y nuevas estrategias para periodos cr\u00edticos de transici\u00f3n en la vida.<\/p>\n<p>[\/et_pb_text][et_pb_heading title=\u00bbObjetivos de la convocatoria\u00bb _builder_version=\u00bb4.27.4&#8243; _module_preset=\u00bbdefault\u00bb title_font=\u00bb|||on|||||\u00bb title_text_color=\u00bb#0C71C3&#8243; min_height=\u00bb0px\u00bb custom_margin=\u00bb20px||||false|false\u00bb global_colors_info=\u00bb{}\u00bb custom_padding__hover_enabled=\u00bbon|desktop\u00bb][\/et_pb_heading][\/et_pb_column][\/et_pb_row][et_pb_row admin_label=\u00bbrow\u00bb _builder_version=\u00bb4.25.1&#8243; background_size=\u00bbinitial\u00bb background_position=\u00bbtop_left\u00bb background_repeat=\u00bbrepeat\u00bb width=\u00bb77.1%\u00bb custom_margin=\u00bb|-259px||161px||\u00bb custom_padding=\u00bb|0px||9px||\u00bb global_colors_info=\u00bb{}\u00bb][et_pb_column type=\u00bb4_4&#8243; _builder_version=\u00bb4.16&#8243; custom_padding=\u00bb|||\u00bb global_colors_info=\u00bb{}\u00bb custom_padding__hover=\u00bb|||\u00bb][et_pb_text admin_label=\u00bbText\u00bb _builder_version=\u00bb4.27.4&#8243; header_text_color=\u00bb#000000&#8243; background_size=\u00bbinitial\u00bb background_position=\u00bbtop_left\u00bb background_repeat=\u00bbrepeat\u00bb width=\u00bb100%\u00bb custom_margin=\u00bb11px|-78px|||false|false\u00bb global_colors_info=\u00bb{}\u00bb]<\/p>\n<p style=\"text-align: justify;\">Los proyectos deber\u00e1n abordar investigaci\u00f3n <strong data-start=\"671\" data-end=\"708\">multidisciplinaria y traslacional<\/strong>. Las aplicaciones deber\u00e1n centrarse \u00fanicamente en <strong data-start=\"759\" data-end=\"794\">uno de los dos siguientes temas<\/strong> y abordar al menos uno de los subtemas especificados (1a y\/o 1b para el tema 1 y 2a y\/o 2b para el tema 2); todos los temas y subtemas tienen la misma relevancia en esta convocatoria.<\/p>\n<p style=\"text-align: justify;\"><strong data-start=\"121\" data-end=\"243\">1. Improves the understanding of the causes for obesity, overweight and its complications by using a mechanistic approach<\/strong><\/p>\n<p style=\"padding-left: 40px; text-align: justify;\">1a. Investigates the biological mechanisms, including the chronobiological, genetic and epigenetic ones, underlying the onset and progression of overweight and obesity and related diseases considering parameters as the living environment, lifestyle and psychological status.<br data-start=\"551\" data-end=\"554\" \/>1b. Investigates how overweight and obesity contribute to the development of related clinical complications and\/or affect the mechanism of action of therapeutics against other diseases\/disorders.<\/p>\n<p style=\"text-align: justify;\"><strong data-start=\"759\" data-end=\"894\">2. Develops public health strategies for the prevention of obesity and overweight by focusing on critical transitional periods of life<\/strong>, which are due to biological changes (e.g., postpartum, menopause, andropause), or socio-environmental changes (e.g., period in between pregnancies, diagnosis of a chronic disease, recovering from disease, retirement, etc.)<\/p>\n<p style=\"padding-left: 40px; text-align: justify;\">2a. Understands and addresses neglected determinants, including their interdependency, in the onset and the progression of overweight and obesity in transitional periods of life.<br data-start=\"1330\" data-end=\"1333\" \/>2b. Develops novel tools or preventive strategies that can be implemented against the onset and the progression of overweight and obesity in transitional periods of life, taking into consideration physiological, pathophysiological, psychological behavioural influences and\/or socioeconomic status of the citizens\/patients.<\/p>\n<ul data-spread=\"false\" style=\"text-align: justify;\"><\/ul>\n<p>[\/et_pb_text][\/et_pb_column][\/et_pb_row][et_pb_row _builder_version=\u00bb4.27.4&#8243; _module_preset=\u00bbdefault\u00bb width=\u00bb75.9%\u00bb custom_margin=\u00bb10px|auto||159px|false|false\u00bb global_colors_info=\u00bb{}\u00bb][et_pb_column type=\u00bb4_4&#8243; _builder_version=\u00bb4.25.1&#8243; _module_preset=\u00bbdefault\u00bb global_colors_info=\u00bb{}\u00bb][et_pb_heading title=\u00bbImpacto esperado\u00bb _builder_version=\u00bb4.27.4&#8243; _module_preset=\u00bbdefault\u00bb title_font=\u00bb|||on|||||\u00bb title_text_color=\u00bb#0C71C3&#8243; min_height=\u00bb0px\u00bb custom_margin=\u00bb1px||||false|false\u00bb global_colors_info=\u00bb{}\u00bb custom_padding__hover_enabled=\u00bbon|desktop\u00bb][\/et_pb_heading][et_pb_text _builder_version=\u00bb4.27.4&#8243; _module_preset=\u00bbdefault\u00bb custom_padding=\u00bb||0px|11px||\u00bb global_colors_info=\u00bb{}\u00bb]<\/p>\n<ul>\n<li data-start=\"2527\" data-end=\"2647\">\n<p data-start=\"2529\" data-end=\"2647\">Reducir la carga del sobrepeso y la obesidad en Europa mediante una mejor comprensi\u00f3n de mecanismos poco estudiados.<\/p>\n<\/li>\n<li data-start=\"2648\" data-end=\"2810\">\n<p data-start=\"2650\" data-end=\"2810\">Cambiar el enfoque del sobrepeso y la obesidad de la gesti\u00f3n a la prevenci\u00f3n, mejorando la detecci\u00f3n temprana y apoyando pol\u00edticas de salud p\u00fablica dirigidas.<\/p>\n<\/li>\n<\/ul>\n<p>[\/et_pb_text][\/et_pb_column][\/et_pb_row][et_pb_row _builder_version=\u00bb4.27.4&#8243; _module_preset=\u00bbdefault\u00bb width=\u00bb75.9%\u00bb custom_margin=\u00bb14px|auto|-13px|159px|false|false\u00bb global_colors_info=\u00bb{}\u00bb][et_pb_column type=\u00bb4_4&#8243; _builder_version=\u00bb4.25.1&#8243; _module_preset=\u00bbdefault\u00bb global_colors_info=\u00bb{}\u00bb][et_pb_heading title=\u00bbCondiciones generales\u00bb _builder_version=\u00bb4.27.4&#8243; _module_preset=\u00bbdefault\u00bb title_font=\u00bb|||on|||||\u00bb title_text_color=\u00bb#0C71C3&#8243; min_height=\u00bb0px\u00bb custom_margin=\u00bb1px||||false|false\u00bb global_colors_info=\u00bb{}\u00bb custom_padding__hover_enabled=\u00bbon|desktop\u00bb][\/et_pb_heading][et_pb_text _builder_version=\u00bb4.27.4&#8243; _module_preset=\u00bbdefault\u00bb custom_padding=\u00bb||0px|11px||\u00bb global_colors_info=\u00bb{}\u00bb]<\/p>\n<ul>\n<li>Pa\u00edses participantes: B\u00e9lgica, Egipto, Estonia, Francia, Alemania, Grecia, Hungr\u00eda, Israel, Italia, Letonia, Lituania, Noruega, Polonia, Ruman\u00eda, Eslovaquia, Espa\u00f1a, Taiw\u00e1n y Turqu\u00eda. La participaci\u00f3n de Portugal y Pa\u00edses Bajos est\u00e1 pendiente.<\/li>\n<li>Cada socio del proyecto ser\u00e1 financiado por su organismo nacional\/regional correspondiente.<\/li>\n<li>El consorcio m\u00ednimo elegible ser\u00e1 de 3 socios de tres pa\u00edses distintos.<\/li>\n<li>El consorcio m\u00e1ximo ser\u00e1 de 5 socios de al menos 3 paises distintos. la participaci\u00f3n de entidades de pa\u00edses menos representados permitir\u00e1 aumentar el n\u00famero de socios a 7.<\/li>\n<li>Solo se permitir\u00e1 dos socios participantes de un mismo pa\u00eds. Se podr\u00e1 sumar hasta 2 colaboradores con su propia financiaci\u00f3n.<\/li>\n<li style=\"list-style-type: none;\">\n<ul><\/ul>\n<\/li>\n<\/ul>\n<p>[\/et_pb_text][\/et_pb_column][\/et_pb_row][et_pb_row _builder_version=\u00bb4.25.1&#8243; _module_preset=\u00bbdefault\u00bb width=\u00bb75.9%\u00bb min_height=\u00bb317px\u00bb custom_margin=\u00bb20px|auto||159px|false|false\u00bb custom_padding=\u00bb||0px|||\u00bb global_colors_info=\u00bb{}\u00bb][et_pb_column type=\u00bb4_4&#8243; _builder_version=\u00bb4.25.1&#8243; _module_preset=\u00bbdefault\u00bb global_colors_info=\u00bb{}\u00bb][et_pb_heading title=\u00bbfechas clave\u00bb _builder_version=\u00bb4.27.4&#8243; _module_preset=\u00bbdefault\u00bb title_font=\u00bb|||on|||||\u00bb title_text_color=\u00bb#0C71C3&#8243; min_height=\u00bb0px\u00bb custom_margin=\u00bb1px||||false|false\u00bb global_colors_info=\u00bb{}\u00bb custom_padding__hover_enabled=\u00bbon|desktop\u00bb][\/et_pb_heading][et_pb_text _builder_version=\u00bb4.27.4&#8243; _module_preset=\u00bbdefault\u00bb custom_padding=\u00bb||0px|11px||\u00bb global_colors_info=\u00bb{}\u00bb]<\/p>\n<ul>\n<li data-start=\"100\" data-end=\"161\" style=\"text-align: justify;\"><strong data-start=\"100\" data-end=\"127\">13 de noviembre de 2025<\/strong>: Publicaci\u00f3n de la convocatoria<\/li>\n<li data-start=\"100\" data-end=\"161\" style=\"text-align: justify;\"><strong data-start=\"164\" data-end=\"202\">18 de noviembre de 2025, 10:00 CET<\/strong>: Webinar D\u00eda de Informaci\u00f3n<\/li>\n<li data-start=\"100\" data-end=\"161\" style=\"text-align: justify;\"><strong data-start=\"235\" data-end=\"269\">21 de enero de 2026, 12:00 CET<\/strong>: Fecha l\u00edmite para el env\u00edo de pre-propuestas<\/li>\n<li data-start=\"100\" data-end=\"161\" style=\"text-align: justify;\"><strong data-start=\"320\" data-end=\"343\">13 de abril de 2026<\/strong>: Comunicaci\u00f3n de resultados (invitaci\u00f3n para la propuesta completa)<\/li>\n<li data-start=\"100\" data-end=\"161\" style=\"text-align: justify;\"><strong data-start=\"416\" data-end=\"439\">14 de abril de 2026<\/strong>: Webinar para solicitantes invitados a enviar la propuesta completa<\/li>\n<li data-start=\"100\" data-end=\"161\" style=\"text-align: justify;\"><strong data-start=\"512\" data-end=\"547\">10 de junio de 2026, 12:00 CEST<\/strong>: Fecha l\u00edmite para el env\u00edo de la propuesta completa<\/li>\n<li data-start=\"100\" data-end=\"161\" style=\"text-align: justify;\"><strong data-start=\"605\" data-end=\"647\">24 de agosto \u2013 4 de septiembre de 2026<\/strong>: Etapa de r\u00e9plica \/ Rebuttal<\/li>\n<li data-start=\"100\" data-end=\"161\" style=\"text-align: justify;\"><strong data-start=\"681\" data-end=\"711\">Finales de octubre de 2026<\/strong>: Comunicaci\u00f3n de decisiones de financiaci\u00f3n a los solicitantes<\/li>\n<li data-start=\"100\" data-end=\"161\" style=\"text-align: justify;\"><strong data-start=\"779\" data-end=\"809\">Diciembre 2026 \u2013 mayo 2027<\/strong>: Inicio previsto del proyecto (sujeto a procedimientos nacionales)<\/li>\n<\/ul>\n<ul>\n<li style=\"list-style-type: none;\">\n<ul><\/ul>\n<\/li>\n<\/ul>\n<p>[\/et_pb_text][\/et_pb_column][\/et_pb_row][et_pb_row _builder_version=\u00bb4.25.1&#8243; _module_preset=\u00bbdefault\u00bb width=\u00bb75.9%\u00bb custom_margin=\u00bb-23px|auto||159px|false|false\u00bb global_colors_info=\u00bb{}\u00bb][et_pb_column type=\u00bb4_4&#8243; _builder_version=\u00bb4.25.1&#8243; _module_preset=\u00bbdefault\u00bb global_colors_info=\u00bb{}\u00bb][et_pb_heading title=\u00bbDocumentaci\u00f3n y enlaces clave\u00bb _builder_version=\u00bb4.27.4&#8243; _module_preset=\u00bbdefault\u00bb title_font=\u00bb|||on|||||\u00bb title_text_color=\u00bb#0C71C3&#8243; min_height=\u00bb0px\u00bb custom_margin=\u00bb1px||||false|false\u00bb global_colors_info=\u00bb{}\u00bb custom_padding__hover_enabled=\u00bbon|desktop\u00bb][\/et_pb_heading][et_pb_text _builder_version=\u00bb4.27.4&#8243; _module_preset=\u00bbdefault\u00bb custom_padding=\u00bb|||11px||\u00bb global_colors_info=\u00bb{}\u00bb]<\/p>\n<ul>\n<li style=\"list-style-type: none;\">\n<ul>\n<li style=\"list-style-type: none;\">\n<ul>\n<li data-start=\"6416\" data-end=\"6460\">\n<p data-start=\"6418\" data-end=\"6460\"><a data-start=\"6418\" data-end=\"6458\" class=\"decorated-link\" href=\"https:\/\/era4health.eu\/calls\/pre_preventoo.php\">Web ERA4Health<\/a><\/p>\n<\/li>\n<\/ul>\n<\/li>\n<\/ul>\n<\/li>\n<\/ul>\n<p>[\/et_pb_text][\/et_pb_column][\/et_pb_row][\/et_pb_section]<\/p>\n","protected":false},"excerpt":{"rendered":"<p>La Asociaci\u00f3n Europea ERA4Health lanzar\u00e1 en noviembre de 2025 la convocatoria transnacional PREVENT-OO 2026, destinada a financiar proyectos de investigaci\u00f3n transnacional centrados en la comprensi\u00f3n y prevenci\u00f3n del sobrepeso y la obesidad, explorando sus mecanismos de inicio y progresi\u00f3n, determinantes descuidados y nuevas estrategias para periodos cr\u00edticos de transici\u00f3n en la vida.Los proyectos deber\u00e1n abordar [&hellip;]<\/p>\n","protected":false},"author":4,"featured_media":0,"parent":0,"menu_order":0,"comment_status":"closed","ping_status":"closed","template":"","meta":{"_acf_changed":false,"_et_pb_use_builder":"on","_et_pb_old_content":"","_et_gb_content_width":"","footnotes":""},"class_list":["post-58040","page","type-page","status-publish","hentry"],"acf":[],"yoast_head":"<!-- This site is optimized with the Yoast SEO plugin v27.5 - https:\/\/yoast.com\/product\/yoast-seo-wordpress\/ -->\n<title>ERA4Health - PREVENT-OO 2026 - Ibima<\/title>\n<meta name=\"robots\" content=\"index, follow, max-snippet:-1, max-image-preview:large, max-video-preview:-1\" \/>\n<link rel=\"canonical\" href=\"https:\/\/ibima.eu\/en\/era4health-prevent-oo-2026\/\" \/>\n<meta property=\"og:locale\" content=\"en_GB\" \/>\n<meta property=\"og:type\" content=\"article\" \/>\n<meta property=\"og:title\" content=\"ERA4Health - PREVENT-OO 2026 - Ibima\" \/>\n<meta property=\"og:description\" content=\"La Asociaci\u00f3n Europea ERA4Health lanzar\u00e1 en noviembre de 2025 la convocatoria transnacional PREVENT-OO 2026, destinada a financiar proyectos de investigaci\u00f3n transnacional centrados en la comprensi\u00f3n y prevenci\u00f3n del sobrepeso y la obesidad, explorando sus mecanismos de inicio y progresi\u00f3n, determinantes descuidados y nuevas estrategias para periodos cr\u00edticos de transici\u00f3n en la vida.Los proyectos deber\u00e1n abordar [&hellip;]\" \/>\n<meta property=\"og:url\" content=\"https:\/\/ibima.eu\/en\/era4health-prevent-oo-2026\/\" \/>\n<meta property=\"og:site_name\" content=\"Ibima\" \/>\n<meta property=\"article:modified_time\" content=\"2025-10-20T11:07:52+00:00\" \/>\n<meta name=\"twitter:card\" content=\"summary_large_image\" \/>\n<meta name=\"twitter:label1\" content=\"Estimated reading time\" \/>\n\t<meta name=\"twitter:data1\" content=\"4 minutes\" \/>\n<script type=\"application\/ld+json\" class=\"yoast-schema-graph\">{\"@context\":\"https:\\\/\\\/schema.org\",\"@graph\":[{\"@type\":\"WebPage\",\"@id\":\"https:\\\/\\\/ibima.eu\\\/es\\\/era4health-prevent-oo-2026\\\/\",\"url\":\"https:\\\/\\\/ibima.eu\\\/es\\\/era4health-prevent-oo-2026\\\/\",\"name\":\"ERA4Health - PREVENT-OO 2026 - Ibima\",\"isPartOf\":{\"@id\":\"https:\\\/\\\/ibima.eu\\\/es\\\/#website\"},\"datePublished\":\"2025-10-20T10:59:34+00:00\",\"dateModified\":\"2025-10-20T11:07:52+00:00\",\"breadcrumb\":{\"@id\":\"https:\\\/\\\/ibima.eu\\\/es\\\/era4health-prevent-oo-2026\\\/#breadcrumb\"},\"inLanguage\":\"en-GB\",\"potentialAction\":[{\"@type\":\"ReadAction\",\"target\":[\"https:\\\/\\\/ibima.eu\\\/es\\\/era4health-prevent-oo-2026\\\/\"]}]},{\"@type\":\"BreadcrumbList\",\"@id\":\"https:\\\/\\\/ibima.eu\\\/es\\\/era4health-prevent-oo-2026\\\/#breadcrumb\",\"itemListElement\":[{\"@type\":\"ListItem\",\"position\":1,\"name\":\"Portada\",\"item\":\"https:\\\/\\\/ibima.eu\\\/es\\\/\"},{\"@type\":\"ListItem\",\"position\":2,\"name\":\"ERA4Health &#8211; PREVENT-OO 2026\"}]},{\"@type\":\"WebSite\",\"@id\":\"https:\\\/\\\/ibima.eu\\\/es\\\/#website\",\"url\":\"https:\\\/\\\/ibima.eu\\\/es\\\/\",\"name\":\"Ibima\",\"description\":\"\",\"potentialAction\":[{\"@type\":\"SearchAction\",\"target\":{\"@type\":\"EntryPoint\",\"urlTemplate\":\"https:\\\/\\\/ibima.eu\\\/es\\\/?s={search_term_string}\"},\"query-input\":{\"@type\":\"PropertyValueSpecification\",\"valueRequired\":true,\"valueName\":\"search_term_string\"}}],\"inLanguage\":\"en-GB\"}]}<\/script>\n<!-- \/ Yoast SEO plugin. -->","yoast_head_json":{"title":"ERA4Health - PREVENT-OO 2026 - Ibima","robots":{"index":"index","follow":"follow","max-snippet":"max-snippet:-1","max-image-preview":"max-image-preview:large","max-video-preview":"max-video-preview:-1"},"canonical":"https:\/\/ibima.eu\/en\/era4health-prevent-oo-2026\/","og_locale":"en_GB","og_type":"article","og_title":"ERA4Health - PREVENT-OO 2026 - Ibima","og_description":"La Asociaci\u00f3n Europea ERA4Health lanzar\u00e1 en noviembre de 2025 la convocatoria transnacional PREVENT-OO 2026, destinada a financiar proyectos de investigaci\u00f3n transnacional centrados en la comprensi\u00f3n y prevenci\u00f3n del sobrepeso y la obesidad, explorando sus mecanismos de inicio y progresi\u00f3n, determinantes descuidados y nuevas estrategias para periodos cr\u00edticos de transici\u00f3n en la vida.Los proyectos deber\u00e1n abordar [&hellip;]","og_url":"https:\/\/ibima.eu\/en\/era4health-prevent-oo-2026\/","og_site_name":"Ibima","article_modified_time":"2025-10-20T11:07:52+00:00","twitter_card":"summary_large_image","twitter_misc":{"Estimated reading time":"4 minutes"},"schema":{"@context":"https:\/\/schema.org","@graph":[{"@type":"WebPage","@id":"https:\/\/ibima.eu\/es\/era4health-prevent-oo-2026\/","url":"https:\/\/ibima.eu\/es\/era4health-prevent-oo-2026\/","name":"ERA4Health - PREVENT-OO 2026 - Ibima","isPartOf":{"@id":"https:\/\/ibima.eu\/es\/#website"},"datePublished":"2025-10-20T10:59:34+00:00","dateModified":"2025-10-20T11:07:52+00:00","breadcrumb":{"@id":"https:\/\/ibima.eu\/es\/era4health-prevent-oo-2026\/#breadcrumb"},"inLanguage":"en-GB","potentialAction":[{"@type":"ReadAction","target":["https:\/\/ibima.eu\/es\/era4health-prevent-oo-2026\/"]}]},{"@type":"BreadcrumbList","@id":"https:\/\/ibima.eu\/es\/era4health-prevent-oo-2026\/#breadcrumb","itemListElement":[{"@type":"ListItem","position":1,"name":"Portada","item":"https:\/\/ibima.eu\/es\/"},{"@type":"ListItem","position":2,"name":"ERA4Health &#8211; PREVENT-OO 2026"}]},{"@type":"WebSite","@id":"https:\/\/ibima.eu\/es\/#website","url":"https:\/\/ibima.eu\/es\/","name":"Ibima","description":"","potentialAction":[{"@type":"SearchAction","target":{"@type":"EntryPoint","urlTemplate":"https:\/\/ibima.eu\/es\/?s={search_term_string}"},"query-input":{"@type":"PropertyValueSpecification","valueRequired":true,"valueName":"search_term_string"}}],"inLanguage":"en-GB"}]}},"_links":{"self":[{"href":"https:\/\/ibima.eu\/en\/wp-json\/wp\/v2\/pages\/58040","targetHints":{"allow":["GET"]}}],"collection":[{"href":"https:\/\/ibima.eu\/en\/wp-json\/wp\/v2\/pages"}],"about":[{"href":"https:\/\/ibima.eu\/en\/wp-json\/wp\/v2\/types\/page"}],"author":[{"embeddable":true,"href":"https:\/\/ibima.eu\/en\/wp-json\/wp\/v2\/users\/4"}],"replies":[{"embeddable":true,"href":"https:\/\/ibima.eu\/en\/wp-json\/wp\/v2\/comments?post=58040"}],"version-history":[{"count":11,"href":"https:\/\/ibima.eu\/en\/wp-json\/wp\/v2\/pages\/58040\/revisions"}],"predecessor-version":[{"id":58058,"href":"https:\/\/ibima.eu\/en\/wp-json\/wp\/v2\/pages\/58040\/revisions\/58058"}],"wp:attachment":[{"href":"https:\/\/ibima.eu\/en\/wp-json\/wp\/v2\/media?parent=58040"}],"curies":[{"name":"wp","href":"https:\/\/api.w.org\/{rel}","templated":true}]}}