{"id":58241,"date":"2025-11-06T12:42:33","date_gmt":"2025-11-06T12:42:33","guid":{"rendered":"https:\/\/ibima.eu\/?page_id=58241"},"modified":"2025-11-06T12:45:41","modified_gmt":"2025-11-06T12:45:41","slug":"erdera-jtc-2026","status":"publish","type":"page","link":"https:\/\/ibima.eu\/en\/erdera-jtc-2026\/","title":{"rendered":"ERDERA &#8211; JTC 2026"},"content":{"rendered":"<p>[et_pb_section fb_built=\u00bb1&#8243; admin_label=\u00bbsection\u00bb _builder_version=\u00bb4.25.1&#8243; custom_padding=\u00bb||0px|||\u00bb locked=\u00bboff\u00bb collapsed=\u00bboff\u00bb global_colors_info=\u00bb{}\u00bb][et_pb_row column_structure=\u00bb1_5,3_5,1_5&#8243; _builder_version=\u00bb4.27.4&#8243; _module_preset=\u00bbdefault\u00bb custom_margin=\u00bb21px||||false|false\u00bb global_colors_info=\u00bb{}\u00bb][et_pb_column type=\u00bb1_5&#8243; _builder_version=\u00bb4.25.1&#8243; _module_preset=\u00bbdefault\u00bb global_colors_info=\u00bb{}\u00bb][\/et_pb_column][et_pb_column type=\u00bb3_5&#8243; _builder_version=\u00bb4.25.1&#8243; _module_preset=\u00bbdefault\u00bb global_colors_info=\u00bb{}\u00bb][et_pb_image src=\u00bbhttps:\/\/ibima.eu\/wp-content\/uploads\/2025\/11\/erdera-logo-1.png\u00bb title_text=\u00bberdera logo\u00bb align=\u00bbcenter\u00bb _builder_version=\u00bb4.27.4&#8243; _module_preset=\u00bbdefault\u00bb width=\u00bb54%\u00bb module_alignment=\u00bbcenter\u00bb custom_margin=\u00bb26px||||false|false\u00bb global_colors_info=\u00bb{}\u00bb][\/et_pb_image][\/et_pb_column][et_pb_column type=\u00bb1_5&#8243; _builder_version=\u00bb4.25.1&#8243; _module_preset=\u00bbdefault\u00bb global_colors_info=\u00bb{}\u00bb][\/et_pb_column][\/et_pb_row][et_pb_row _builder_version=\u00bb4.27.4&#8243; _module_preset=\u00bbdefault\u00bb custom_margin=\u00bb59px||||false|false\u00bb global_colors_info=\u00bb{}\u00bb][et_pb_column type=\u00bb4_4&#8243; _builder_version=\u00bb4.25.1&#8243; _module_preset=\u00bbdefault\u00bb global_colors_info=\u00bb{}\u00bb][et_pb_heading title=\u00bbERDERA Preanuncio \u2013 Call for Proposals 2026: Resolving unsolved cases in rare genetic and non-genetic diseases through variant validation and new technological approaches\u00bb _builder_version=\u00bb4.27.4&#8243; _module_preset=\u00bbdefault\u00bb title_text_align=\u00bbcenter\u00bb title_text_color=\u00bb#0C71C3&#8243; title_line_height=\u00bb1.3em\u00bb module_alignment=\u00bbcenter\u00bb global_colors_info=\u00bb{}\u00bb][\/et_pb_heading][\/et_pb_column][\/et_pb_row][et_pb_row _builder_version=\u00bb4.27.4&#8243; _module_preset=\u00bbdefault\u00bb width=\u00bb75.9%\u00bb custom_margin=\u00bb20px|auto||159px|false|false\u00bb global_colors_info=\u00bb{}\u00bb][et_pb_column type=\u00bb4_4&#8243; _builder_version=\u00bb4.25.1&#8243; _module_preset=\u00bbdefault\u00bb global_colors_info=\u00bb{}\u00bb][et_pb_text admin_label=\u00bbText\u00bb _builder_version=\u00bb4.27.4&#8243; header_text_color=\u00bb#000000&#8243; background_size=\u00bbinitial\u00bb background_position=\u00bbtop_left\u00bb background_repeat=\u00bbrepeat\u00bb width=\u00bb100%\u00bb custom_margin=\u00bb1px|-78px|||false|false\u00bb global_colors_info=\u00bb{}\u00bb]<\/p>\n<p data-start=\"569\" data-end=\"879\">La <strong data-start=\"572\" data-end=\"628\">European Rare Diseases Research Partnership (ERDERA)<\/strong> lanzar\u00e1 en <strong data-start=\"640\" data-end=\"661\">diciembre de 2025<\/strong> la <strong data-start=\"665\" data-end=\"692\">Call for Proposals 2026<\/strong>, centrada en <strong data-start=\"706\" data-end=\"789\">resolver casos no diagnosticados en enfermedades raras gen\u00e9ticas y no gen\u00e9ticas<\/strong> mediante la validaci\u00f3n de variantes y el uso de <strong data-start=\"838\" data-end=\"876\">nuevas aproximaciones tecnol\u00f3gicas<\/strong>.<\/p>\n<p>[\/et_pb_text][et_pb_heading title=\u00bbObjetivos de la convocatoria\u00bb _builder_version=\u00bb4.27.4&#8243; _module_preset=\u00bbdefault\u00bb title_font=\u00bb|||on|||||\u00bb title_text_color=\u00bb#0C71C3&#8243; min_height=\u00bb0px\u00bb custom_margin=\u00bb20px||||false|false\u00bb global_colors_info=\u00bb{}\u00bb custom_padding__hover_enabled=\u00bbon|desktop\u00bb][\/et_pb_heading][\/et_pb_column][\/et_pb_row][et_pb_row admin_label=\u00bbrow\u00bb _builder_version=\u00bb4.25.1&#8243; background_size=\u00bbinitial\u00bb background_position=\u00bbtop_left\u00bb background_repeat=\u00bbrepeat\u00bb width=\u00bb77.1%\u00bb custom_margin=\u00bb|-259px||161px||\u00bb custom_padding=\u00bb|0px||9px||\u00bb global_colors_info=\u00bb{}\u00bb][et_pb_column type=\u00bb4_4&#8243; _builder_version=\u00bb4.16&#8243; custom_padding=\u00bb|||\u00bb global_colors_info=\u00bb{}\u00bb custom_padding__hover=\u00bb|||\u00bb][et_pb_text admin_label=\u00bbText\u00bb _builder_version=\u00bb4.27.4&#8243; header_text_color=\u00bb#000000&#8243; background_size=\u00bbinitial\u00bb background_position=\u00bbtop_left\u00bb background_repeat=\u00bbrepeat\u00bb width=\u00bb100%\u00bb custom_margin=\u00bb11px|-78px|||false|false\u00bb global_colors_info=\u00bb{}\u00bb]<\/p>\n<p data-start=\"2071\" data-end=\"2365\">El objetivo de la convocatoria es <strong data-start=\"2105\" data-end=\"2164\">resolver enfermedades raras gen\u00e9ticas no diagnosticadas<\/strong> y <strong data-start=\"2167\" data-end=\"2239\">abordar enfermedades raras no gen\u00e9ticas complejas o multifactoriales<\/strong>, identificando <strong data-start=\"2255\" data-end=\"2277\">variantes causales<\/strong> y aportando <strong data-start=\"2290\" data-end=\"2314\">claridad diagn\u00f3stica<\/strong> en condiciones de etiolog\u00eda desconocida o mixta.<\/p>\n<p data-start=\"2367\" data-end=\"2422\">Los proyectos podr\u00e1n centrarse en las siguientes \u00e1reas:<\/p>\n<ul data-start=\"2424\" data-end=\"3504\">\n<li data-start=\"2424\" data-end=\"2667\">\n<p data-start=\"2426\" data-end=\"2667\"><strong data-start=\"2426\" data-end=\"2450\">Validaci\u00f3n funcional<\/strong> para clasificar variantes de significado incierto (<em data-start=\"2502\" data-end=\"2543\">Variants of Uncertain Significance, VUS<\/em>) mediante enfoques <em data-start=\"2563\" data-end=\"2574\">in silico<\/em>, <em data-start=\"2576\" data-end=\"2586\">in vitro<\/em> o modelos animales (p. ej. c\u00e9lulas modificadas por CRISPR, iPSCs, organoides).<\/p>\n<\/li>\n<li data-start=\"2668\" data-end=\"2813\">\n<p data-start=\"2670\" data-end=\"2813\"><strong data-start=\"2670\" data-end=\"2705\">Uso de tecnolog\u00edas multi-\u00f3micas<\/strong> o m\u00e9todos integrativos (transcript\u00f3mica, epigen\u00f3mica, etc.) para resolver variantes ambiguas o complejas.<\/p>\n<\/li>\n<li data-start=\"2814\" data-end=\"3095\">\n<p data-start=\"2816\" data-end=\"3095\"><strong data-start=\"2816\" data-end=\"2867\">Desarrollo de nuevas herramientas metodol\u00f3gicas<\/strong> no validadas a\u00fan en entornos cl\u00ednicos, incluyendo enfoques avanzados en bioestad\u00edstica, bioinform\u00e1tica y matem\u00e1ticas (p. ej. predictores de efecto de variantes o plataformas de anotaci\u00f3n basadas en <em data-start=\"3066\" data-end=\"3091\">Artificial Intelligence<\/em>).<\/p>\n<\/li>\n<li data-start=\"3096\" data-end=\"3168\">\n<p data-start=\"3098\" data-end=\"3168\"><strong data-start=\"3098\" data-end=\"3166\">Modelizaci\u00f3n de mecanismos de enfermedad y biolog\u00eda de sistemas.<\/strong><\/p>\n<\/li>\n<li data-start=\"3169\" data-end=\"3265\">\n<p data-start=\"3171\" data-end=\"3265\"><strong data-start=\"3171\" data-end=\"3263\">Integraci\u00f3n de datos cl\u00ednicos, ambientales, de estilo de vida o procedentes de sensores.<\/strong><\/p>\n<\/li>\n<li data-start=\"3266\" data-end=\"3381\">\n<p data-start=\"3268\" data-end=\"3381\"><strong data-start=\"3268\" data-end=\"3329\">Desarrollo de mapas de conocimiento o mapas de enfermedad<\/strong> para vincular fenotipos y mecanismos patol\u00f3gicos.<\/p>\n<\/li>\n<li data-start=\"3382\" data-end=\"3504\">\n<p data-start=\"3384\" data-end=\"3504\"><strong data-start=\"3384\" data-end=\"3445\">Aplicaci\u00f3n de herramientas avanzadas de IA y modelizaci\u00f3n<\/strong> (<em data-start=\"3447\" data-end=\"3500\">graph machine learning, probabilistic causal models<\/em>).<\/p>\n<\/li>\n<\/ul>\n<ul data-spread=\"false\" style=\"text-align: justify;\"><\/ul>\n<p>[\/et_pb_text][\/et_pb_column][\/et_pb_row][et_pb_row _builder_version=\u00bb4.27.4&#8243; _module_preset=\u00bbdefault\u00bb width=\u00bb75.9%\u00bb custom_margin=\u00bb10px|auto||159px|false|false\u00bb global_colors_info=\u00bb{}\u00bb][et_pb_column type=\u00bb4_4&#8243; _builder_version=\u00bb4.25.1&#8243; _module_preset=\u00bbdefault\u00bb global_colors_info=\u00bb{}\u00bb][et_pb_heading title=\u00bbTemas y enfoques excluidos\u00bb _builder_version=\u00bb4.27.4&#8243; _module_preset=\u00bbdefault\u00bb title_font=\u00bb|||on|||||\u00bb title_text_color=\u00bb#0C71C3&#8243; min_height=\u00bb0px\u00bb custom_margin=\u00bb1px||||false|false\u00bb global_colors_info=\u00bb{}\u00bb custom_padding__hover_enabled=\u00bbon|desktop\u00bb][\/et_pb_heading][et_pb_text _builder_version=\u00bb4.27.4&#8243; _module_preset=\u00bbdefault\u00bb min_height=\u00bb88px\u00bb custom_padding=\u00bb||0px|11px||\u00bb global_colors_info=\u00bb{}\u00bb]<\/p>\n<ul>\n<li>Estudios de desarrollo precl\u00ednico de terapias (cubiertos por <em data-start=\"3664\" data-end=\"3680\">ERDERA JTC2025<\/em>).<\/li>\n<li>Ensayos cl\u00ednicos de intervenci\u00f3n destinados a probar eficacia de tratamientos, f\u00e1rmacos o procedimientos.<\/li>\n<li>Proyectos centrados exclusivamente en enfermedades dentro del \u00e1mbito de la <em data-start=\"3872\" data-end=\"3898\">Brain Health Partnership<\/em> (Alzheimer, Parkinson, prionopat\u00edas, enfermedades de motoneurona, Huntington, ataxias dominantes, etc.).\u00a0 <em data-start=\"4008\" data-end=\"4104\">Nota: las demencias infantiles y enfermedades neurodegenerativas pedi\u00e1tricas s\u00ed son elegibles.<\/em><\/li>\n<li>Enfermedades infecciosas raras, c\u00e1nceres raros y reacciones adversas raras a medicamentos.<\/li>\n<\/ul>\n<p>[\/et_pb_text][\/et_pb_column][\/et_pb_row][et_pb_row _builder_version=\u00bb4.27.4&#8243; _module_preset=\u00bbdefault\u00bb width=\u00bb75.9%\u00bb custom_margin=\u00bb14px|auto|-13px|159px|false|false\u00bb global_colors_info=\u00bb{}\u00bb][et_pb_column type=\u00bb4_4&#8243; _builder_version=\u00bb4.25.1&#8243; _module_preset=\u00bbdefault\u00bb global_colors_info=\u00bb{}\u00bb][et_pb_heading title=\u00bbCondiciones generales\u00bb _builder_version=\u00bb4.27.4&#8243; _module_preset=\u00bbdefault\u00bb title_font=\u00bb|||on|||||\u00bb title_text_color=\u00bb#0C71C3&#8243; min_height=\u00bb0px\u00bb custom_margin=\u00bb1px||||false|false\u00bb global_colors_info=\u00bb{}\u00bb custom_padding__hover_enabled=\u00bbon|desktop\u00bb][\/et_pb_heading][et_pb_text _builder_version=\u00bb4.27.4&#8243; _module_preset=\u00bbdefault\u00bb custom_padding=\u00bb||0px|11px||\u00bb global_colors_info=\u00bb{}\u00bb]<\/p>\n<ul>\n<li>Pa\u00edses participantes: Se identificar\u00e1n en el preanuncio oficial.<\/li>\n<li>M\u00ednimo: 4 socios elegibles de 4 pa\u00edses diferentes participantes.<\/li>\n<li>M\u00e1ximo: 6 socios financiados (ampliable hasta 8 si incluye un socio de pa\u00eds infrarepresentado o un Early-Career Researcher \u2013ECR\u2013). M\u00e1ximo 2 socios financiables por pa\u00eds.<\/li>\n<li>Los criterios detallados de elegibilidad y composici\u00f3n del consorcio se publicar\u00e1n con la convocatoria oficial.<\/li>\n<li style=\"list-style-type: none;\">\n<ul><\/ul>\n<\/li>\n<\/ul>\n<p>[\/et_pb_text][\/et_pb_column][\/et_pb_row][et_pb_row _builder_version=\u00bb4.25.1&#8243; _module_preset=\u00bbdefault\u00bb width=\u00bb75.9%\u00bb min_height=\u00bb317px\u00bb custom_margin=\u00bb20px|auto||159px|false|false\u00bb custom_padding=\u00bb||0px|||\u00bb global_colors_info=\u00bb{}\u00bb][et_pb_column type=\u00bb4_4&#8243; _builder_version=\u00bb4.25.1&#8243; _module_preset=\u00bbdefault\u00bb global_colors_info=\u00bb{}\u00bb][et_pb_heading title=\u00bbfechas clave\u00bb _builder_version=\u00bb4.27.4&#8243; _module_preset=\u00bbdefault\u00bb title_font=\u00bb|||on|||||\u00bb title_text_color=\u00bb#0C71C3&#8243; min_height=\u00bb0px\u00bb custom_margin=\u00bb1px||||false|false\u00bb global_colors_info=\u00bb{}\u00bb custom_padding__hover_enabled=\u00bbon|desktop\u00bb][\/et_pb_heading][et_pb_text _builder_version=\u00bb4.27.4&#8243; _module_preset=\u00bbdefault\u00bb custom_padding=\u00bb||0px|11px||\u00bb global_colors_info=\u00bb{}\u00bb]<\/p>\n<ul>\n<li data-start=\"100\" data-end=\"161\" style=\"text-align: justify;\"><strong data-start=\"6094\" data-end=\"6116\">10 diciembre 2025:<\/strong> Publicaci\u00f3n de la convocatoria<\/li>\n<li data-start=\"6150\" data-end=\"6234\">\n<p data-start=\"6152\" data-end=\"6234\"><strong data-start=\"6152\" data-end=\"6192\">16 diciembre 2025 (15:00\u201316:00 CET):<\/strong> <em data-start=\"6193\" data-end=\"6202\">Webinar<\/em> informativo para solicitantes<\/p>\n<\/li>\n<li data-start=\"6235\" data-end=\"6302\">\n<p data-start=\"6237\" data-end=\"6302\"><strong data-start=\"6237\" data-end=\"6257\">12 febrero 2026:<\/strong> Fecha l\u00edmite para env\u00edo de <em data-start=\"6285\" data-end=\"6300\">pre-proposals<\/em><\/p>\n<\/li>\n<li data-start=\"6303\" data-end=\"6372\">\n<p data-start=\"6305\" data-end=\"6372\"><strong data-start=\"6305\" data-end=\"6322\">4 marzo 2026:<\/strong> Comprobaci\u00f3n de elegibilidad de <em data-start=\"6355\" data-end=\"6370\">pre-proposals<\/em><\/p>\n<\/li>\n<li data-start=\"6373\" data-end=\"6445\">\n<p data-start=\"6375\" data-end=\"6445\"><strong data-start=\"6375\" data-end=\"6403\">Principios de mayo 2026:<\/strong> Invitaci\u00f3n a presentar <em data-start=\"6427\" data-end=\"6443\">full proposals<\/em><\/p>\n<\/li>\n<li data-start=\"6446\" data-end=\"6522\">\n<p data-start=\"6448\" data-end=\"6522\"><strong data-start=\"6448\" data-end=\"6464\">5 mayo 2026:<\/strong> <em data-start=\"6465\" data-end=\"6474\">Webinar<\/em> para solicitantes invitados a la segunda fase<\/p>\n<\/li>\n<li data-start=\"6523\" data-end=\"6588\">\n<p data-start=\"6525\" data-end=\"6588\"><strong data-start=\"6525\" data-end=\"6542\">8 julio 2026:<\/strong> Fecha l\u00edmite para env\u00edo de <em data-start=\"6570\" data-end=\"6586\">full proposals<\/em><\/p>\n<\/li>\n<li data-start=\"6589\" data-end=\"6660\">\n<p data-start=\"6591\" data-end=\"6660\"><strong data-start=\"6591\" data-end=\"6609\">23 julio 2026:<\/strong> Comprobaci\u00f3n de elegibilidad de <em data-start=\"6642\" data-end=\"6658\">full proposals<\/em><\/p>\n<\/li>\n<li data-start=\"6661\" data-end=\"6731\">\n<p data-start=\"6663\" data-end=\"6731\"><strong data-start=\"6663\" data-end=\"6682\">Diciembre 2026:<\/strong> Comunicaci\u00f3n de los resultados de financiaci\u00f3n<\/p>\n<\/li>\n<\/ul>\n<ul>\n<li style=\"list-style-type: none;\">\n<ul><\/ul>\n<\/li>\n<\/ul>\n<p>[\/et_pb_text][\/et_pb_column][\/et_pb_row][et_pb_row _builder_version=\u00bb4.25.1&#8243; _module_preset=\u00bbdefault\u00bb width=\u00bb75.9%\u00bb custom_margin=\u00bb-23px|auto||159px|false|false\u00bb global_colors_info=\u00bb{}\u00bb][et_pb_column type=\u00bb4_4&#8243; _builder_version=\u00bb4.25.1&#8243; _module_preset=\u00bbdefault\u00bb global_colors_info=\u00bb{}\u00bb][et_pb_heading title=\u00bbDocumentaci\u00f3n y enlaces clave\u00bb _builder_version=\u00bb4.27.4&#8243; _module_preset=\u00bbdefault\u00bb title_font=\u00bb|||on|||||\u00bb title_text_color=\u00bb#0C71C3&#8243; min_height=\u00bb0px\u00bb custom_margin=\u00bb1px||||false|false\u00bb global_colors_info=\u00bb{}\u00bb custom_padding__hover_enabled=\u00bbon|desktop\u00bb][\/et_pb_heading][et_pb_text _builder_version=\u00bb4.27.4&#8243; _module_preset=\u00bbdefault\u00bb custom_padding=\u00bb|||11px||\u00bb global_colors_info=\u00bb{}\u00bb]<\/p>\n<ul>\n<li style=\"list-style-type: none;\">\n<ul>\n<li style=\"list-style-type: none;\">\n<ul>\n<li data-start=\"6416\" data-end=\"6460\">\n<p data-start=\"6418\" data-end=\"6460\"><a data-start=\"6418\" data-end=\"6458\" class=\"decorated-link\" href=\"https:\/\/erdera.org\/call\/joint-transnational-call-2026\/\">Web ERDERA &#8211; JTC 2026<\/a><\/p>\n<p data-start=\"6418\" data-end=\"6460\"><a data-start=\"6418\" data-end=\"6458\" class=\"decorated-link\" href=\"https:\/\/era4health.eu\/calls\/pre_preventoo.php\"><\/a><\/p>\n<\/li>\n<\/ul>\n<\/li>\n<\/ul>\n<\/li>\n<\/ul>\n<p>[\/et_pb_text][\/et_pb_column][\/et_pb_row][\/et_pb_section][et_pb_section fb_built=\u00bb1&#8243; _builder_version=\u00bb4.20.4&#8243; _module_preset=\u00bbdefault\u00bb background_color=\u00bb#195e7f\u00bb global_colors_info=\u00bb{}\u00bb][et_pb_row column_structure=\u00bb1_4,1_4,1_4,1_4&#8243; _builder_version=\u00bb4.20.4&#8243; _module_preset=\u00bbdefault\u00bb custom_padding=\u00bb50px||50px||true|false\u00bb global_colors_info=\u00bb{}\u00bb][et_pb_column type=\u00bb1_4&#8243; _builder_version=\u00bb4.20.4&#8243; _module_preset=\u00bbdefault\u00bb global_colors_info=\u00bb{}\u00bb][et_pb_image src=\u00bbhttps:\/\/ibima.eu\/wp-content\/uploads\/2023\/04\/Logoblancofondoazul.jpg\u00bb title_text=\u00bbLogoblancofondoazul\u00bb force_fullwidth=\u00bbon\u00bb _builder_version=\u00bb4.20.4&#8243; _module_preset=\u00bbdefault\u00bb transform_scale_tablet=\u00bb202%|202%\u00bb transform_scale_phone=\u00bb202%|202%\u00bb transform_scale_last_edited=\u00bbon|tablet\u00bb transform_translate_tablet=\u00bb75px|25px\u00bb transform_translate_phone=\u00bb85px|-15px\u00bb transform_translate_last_edited=\u00bbon|phone\u00bb transform_translate_linked_tablet=\u00bboff\u00bb transform_rotate_tablet=\u00bb\u00bb transform_rotate_phone=\u00bb\u00bb transform_rotate_last_edited=\u00bbon|tablet\u00bb transform_skew_tablet=\u00bb\u00bb transform_skew_phone=\u00bb\u00bb transform_skew_last_edited=\u00bbon|tablet\u00bb transform_origin_tablet=\u00bb\u00bb transform_origin_phone=\u00bb\u00bb transform_origin_last_edited=\u00bbon|tablet\u00bb transform_styles_last_edited=\u00bbon|phone\u00bb min_height_tablet=\u00bb\u00bb min_height_phone=\u00bb\u00bb min_height_last_edited=\u00bbon|desktop\u00bb custom_margin_tablet=\u00bb||0px|-5px|false|false\u00bb custom_margin_phone=\u00bb||30px|-17px|false|false\u00bb custom_margin_last_edited=\u00bbon|tablet\u00bb custom_padding=\u00bb|200px|||false|false\u00bb custom_padding_tablet=\u00bb0px|200px|||false|false\u00bb custom_padding_phone=\u00bb|200px|||false|false\u00bb custom_padding_last_edited=\u00bbon|desktop\u00bb transform_styles_tablet=\u00bb\u00bb transform_styles_phone=\u00bb\u00bb global_colors_info=\u00bb{}\u00bb][\/et_pb_image][et_pb_text _builder_version=\u00bb4.27.0&#8243; _module_preset=\u00bbdefault\u00bb custom_margin=\u00bb14px|||-11%|false|false\u00bb global_colors_info=\u00bb{}\u00bb]<\/p>\n<p class=\"x_MsoNormal\" style=\"text-align: left;\"><span style=\"color: #ffffff;\"><img decoding=\"async\" src=\"https:\/\/ibima.eu\/wp-content\/uploads\/2024\/03\/contact.png\" width=\"20\" style=\"position: relative; top: 3px; left: -5px; float: left;\" \/>Avenida Severo Ochoa, 35, 29590, M\u00e1laga<\/span><\/p>\n<p style=\"color: #ffffff;\"><img decoding=\"async\" src=\"https:\/\/ibima.eu\/wp-content\/uploads\/2024\/03\/phone.png\" width=\"20\" style=\"position: relative; top: 3px; left: -5px;\" \/>952 36 76 00<\/p>\n<p><a href=\"mailto:info@ibima.eu\" data-linkindex=\"0\" id=\"LPlnk315329\"><img decoding=\"async\" src=\"https:\/\/ibima.eu\/wp-content\/uploads\/2024\/03\/email.png\" width=\"20\" style=\"position: relative; top: 3px; left: -5px;\" \/>info@ibima.eu<\/a><\/p>\n<p>[\/et_pb_text][\/et_pb_column][et_pb_column type=\u00bb1_4&#8243; _builder_version=\u00bb4.20.4&#8243; _module_preset=\u00bbdefault\u00bb global_colors_info=\u00bb{}\u00bb][dsm_menu title=\u00bbAPARTADOS PRINCIPALES\u00bb menu_id=\u00bb1332&#8243; menu_link_text_color=\u00bb#FFFFFF\u00bb active_link_color=\u00bb#FFFFFF\u00bb menu_link_text_active_color=\u00bb#FFFFFF\u00bb menu_link_text_visited_color=\u00bb#FFFFFF\u00bb list_style_type=\u00bbnone\u00bb _builder_version=\u00bb4.24.0&#8243; _module_preset=\u00bbdefault\u00bb header_font=\u00bbPoppins||||||||\u00bb header_text_align=\u00bbleft\u00bb header_text_color=\u00bb#FFFFFF\u00bb header_font_size=\u00bb20px\u00bb custom_margin_tablet=\u00bb200px||||false|false\u00bb custom_margin_phone=\u00bb0px||||false|false\u00bb custom_margin_last_edited=\u00bbon|tablet\u00bb global_colors_info=\u00bb{}\u00bb][\/dsm_menu][\/et_pb_column][et_pb_column type=\u00bb1_4&#8243; _builder_version=\u00bb4.20.4&#8243; _module_preset=\u00bbdefault\u00bb global_colors_info=\u00bb{}\u00bb][dsm_menu title=\u00bbTEXTOS LEGALES\u00bb menu_id=\u00bb1333&#8243; menu_link_text_color=\u00bb#FFFFFF\u00bb active_link_color=\u00bb#FFFFFF\u00bb menu_link_text_active_color=\u00bb#FFFFFF\u00bb menu_link_text_visited_color=\u00bb#FFFFFF\u00bb list_style_type=\u00bbnone\u00bb _builder_version=\u00bb4.20.4&#8243; _module_preset=\u00bbdefault\u00bb header_font=\u00bbPoppins||||||||\u00bb header_text_align=\u00bbleft\u00bb header_text_color=\u00bb#FFFFFF\u00bb header_font_size=\u00bb20px\u00bb custom_margin_tablet=\u00bb-155px||||false|false\u00bb custom_margin_phone=\u00bb0px||||false|false\u00bb custom_margin_last_edited=\u00bbon|tablet\u00bb global_colors_info=\u00bb{}\u00bb][\/dsm_menu][\/et_pb_column][et_pb_column type=\u00bb1_4&#8243; _builder_version=\u00bb4.20.4&#8243; _module_preset=\u00bbdefault\u00bb global_colors_info=\u00bb{}\u00bb][et_pb_social_media_follow _builder_version=\u00bb4.27.4&#8243; _module_preset=\u00bbdefault\u00bb custom_margin_tablet=\u00bb5px||||false|false\u00bb custom_margin_phone=\u00bb5px||||false|false\u00bb custom_margin_last_edited=\u00bbon|tablet\u00bb global_colors_info=\u00bb{}\u00bb][et_pb_social_media_follow_network social_network=\u00bbtwitter\u00bb url=\u00bbhttps:\/\/x.com\/_ibima?lang=es%20&#8243; _builder_version=\u00bb4.27.4&#8243; _module_preset=\u00bbdefault\u00bb background_color=\u00bb#000000&#8243; global_colors_info=\u00bb{}\u00bb follow_button=\u00bboff\u00bb url_new_window=\u00bbon\u00bb]twitter[\/et_pb_social_media_follow_network][et_pb_social_media_follow_network social_network=\u00bbfacebook\u00bb url=\u00bbhttps:\/\/www.facebook.com\/Ibima.eu\u00bb _builder_version=\u00bb4.27.4&#8243; _module_preset=\u00bbdefault\u00bb background_color=\u00bb#3b5998&#8243; global_colors_info=\u00bb{}\u00bb follow_button=\u00bboff\u00bb url_new_window=\u00bbon\u00bb]facebook[\/et_pb_social_media_follow_network][et_pb_social_media_follow_network social_network=\u00bbinstagram\u00bb url=\u00bbhttps:\/\/www.instagram.com\/ibima_mlg\/\u00bb _builder_version=\u00bb4.27.4&#8243; _module_preset=\u00bbdefault\u00bb background_color=\u00bb#ea2c59&#8243; global_colors_info=\u00bb{}\u00bb follow_button=\u00bboff\u00bb url_new_window=\u00bbon\u00bb]instagram[\/et_pb_social_media_follow_network][et_pb_social_media_follow_network social_network=\u00bblinkedin\u00bb url=\u00bbhttps:\/\/es.linkedin.com\/company\/ibima\u00bb _builder_version=\u00bb4.27.4&#8243; _module_preset=\u00bbdefault\u00bb background_color=\u00bb#007bb6&#8243; global_colors_info=\u00bb{}\u00bb follow_button=\u00bboff\u00bb url_new_window=\u00bbon\u00bb]linkedin[\/et_pb_social_media_follow_network][et_pb_social_media_follow_network social_network=\u00bbyoutube\u00bb url=\u00bbhttps:\/\/www.youtube.com\/channel\/UCY3UUZTi9X0ur-1Gd6MKonw\u00bb _builder_version=\u00bb4.27.4&#8243; _module_preset=\u00bbdefault\u00bb background_color=\u00bb#a82400&#8243; global_colors_info=\u00bb{}\u00bb follow_button=\u00bboff\u00bb url_new_window=\u00bbon\u00bb]youtube[\/et_pb_social_media_follow_network][\/et_pb_social_media_follow][dsm_icon_list _builder_version=\u00bb4.27.4&#8243; _module_preset=\u00bbdefault\u00bb text_font=\u00bbPoppins|600|||||||\u00bb custom_margin=\u00bb20px||||false|false\u00bb global_colors_info=\u00bb{}\u00bb][dsm_icon_list_child text=\u00bbBuz\u00f3n de sugerencias\u00bb font_icon=\u00bb&#x3d;||divi||400&#8243; icon_color=\u00bb#FFFFFF\u00bb url=\u00bbhttps:\/\/ibima.eu\/es\/comunicacion-con-el-instituto\/\u00bb url_new_window=\u00bbon\u00bb _builder_version=\u00bb4.24.2&#8243; _module_preset=\u00bbdefault\u00bb text_text_color=\u00bb#FFFFFF\u00bb global_colors_info=\u00bb{}\u00bb][\/dsm_icon_list_child][dsm_icon_list_child text=\u00bbBuz\u00f3n de denuncias\u00bb font_icon=\u00bb&#x3d;||divi||400&#8243; icon_color=\u00bb#FFFFFF\u00bb url=\u00bbhttps:\/\/ibima.eu\/es\/canal-de-denuncias\/\u00bb url_new_window=\u00bbon\u00bb _builder_version=\u00bb4.27.4&#8243; _module_preset=\u00bbdefault\u00bb text_text_color=\u00bb#FFFFFF\u00bb global_colors_info=\u00bb{}\u00bb][\/dsm_icon_list_child][\/dsm_icon_list][dsm_icon_list _builder_version=\u00bb4.27.4&#8243; _module_preset=\u00bbdefault\u00bb text_font=\u00bbPoppins|600|||||||\u00bb custom_margin=\u00bb20px||||false|false\u00bb global_colors_info=\u00bb{}\u00bb][dsm_icon_list_child text=\u00bbSuscr\u00edbete al Canal de Divulgaci\u00f3n\u00bb font_icon=\u00bb&#x3d;||divi||400&#8243; icon_color=\u00bb#FFFFFF\u00bb url=\u00bbhttps:\/\/forms.gle\/5mczd4KKMqkBPdBy7&#8243; url_new_window=\u00bbon\u00bb _builder_version=\u00bb4.27.4&#8243; _module_preset=\u00bbdefault\u00bb text_text_color=\u00bb#FFFFFF\u00bb global_colors_info=\u00bb{}\u00bb][\/dsm_icon_list_child][\/dsm_icon_list][\/et_pb_column][\/et_pb_row][\/et_pb_section]<\/p>\n","protected":false},"excerpt":{"rendered":"<p>La European Rare Diseases Research Partnership (ERDERA) lanzar\u00e1 en diciembre de 2025 la Call for Proposals 2026, centrada en resolver casos no diagnosticados en enfermedades raras gen\u00e9ticas y no gen\u00e9ticas mediante la validaci\u00f3n de variantes y el uso de nuevas aproximaciones tecnol\u00f3gicas.El objetivo de la convocatoria es resolver enfermedades raras gen\u00e9ticas no diagnosticadas y abordar [&hellip;]<\/p>\n","protected":false},"author":4,"featured_media":0,"parent":0,"menu_order":0,"comment_status":"closed","ping_status":"closed","template":"","meta":{"_acf_changed":false,"_et_pb_use_builder":"on","_et_pb_old_content":"","_et_gb_content_width":"","footnotes":""},"class_list":["post-58241","page","type-page","status-publish","hentry"],"acf":[],"yoast_head":"<!-- This site is optimized with the Yoast SEO plugin v27.5 - https:\/\/yoast.com\/product\/yoast-seo-wordpress\/ -->\n<title>ERDERA - JTC 2026 - Ibima<\/title>\n<meta name=\"robots\" content=\"index, follow, max-snippet:-1, max-image-preview:large, max-video-preview:-1\" \/>\n<link rel=\"canonical\" href=\"https:\/\/ibima.eu\/en\/erdera-jtc-2026\/\" \/>\n<meta property=\"og:locale\" content=\"en_GB\" \/>\n<meta property=\"og:type\" content=\"article\" \/>\n<meta property=\"og:title\" content=\"ERDERA - JTC 2026 - Ibima\" \/>\n<meta property=\"og:description\" content=\"La European Rare Diseases Research Partnership (ERDERA) lanzar\u00e1 en diciembre de 2025 la Call for Proposals 2026, centrada en resolver casos no diagnosticados en enfermedades raras gen\u00e9ticas y no gen\u00e9ticas mediante la validaci\u00f3n de variantes y el uso de nuevas aproximaciones tecnol\u00f3gicas.El objetivo de la convocatoria es resolver enfermedades raras gen\u00e9ticas no diagnosticadas y abordar [&hellip;]\" \/>\n<meta property=\"og:url\" content=\"https:\/\/ibima.eu\/en\/erdera-jtc-2026\/\" \/>\n<meta property=\"og:site_name\" content=\"Ibima\" \/>\n<meta property=\"article:modified_time\" content=\"2025-11-06T12:45:41+00:00\" \/>\n<meta property=\"og:image\" content=\"https:\/\/ibima.eu\/wp-content\/uploads\/2024\/03\/contact.png\" \/>\n<meta name=\"twitter:card\" content=\"summary_large_image\" \/>\n<meta name=\"twitter:label1\" content=\"Estimated reading time\" \/>\n\t<meta name=\"twitter:data1\" content=\"4 minutes\" \/>\n<script type=\"application\/ld+json\" class=\"yoast-schema-graph\">{\"@context\":\"https:\\\/\\\/schema.org\",\"@graph\":[{\"@type\":\"WebPage\",\"@id\":\"https:\\\/\\\/ibima.eu\\\/es\\\/erdera-jtc-2026\\\/\",\"url\":\"https:\\\/\\\/ibima.eu\\\/es\\\/erdera-jtc-2026\\\/\",\"name\":\"ERDERA - JTC 2026 - Ibima\",\"isPartOf\":{\"@id\":\"https:\\\/\\\/ibima.eu\\\/es\\\/#website\"},\"primaryImageOfPage\":{\"@id\":\"https:\\\/\\\/ibima.eu\\\/es\\\/erdera-jtc-2026\\\/#primaryimage\"},\"image\":{\"@id\":\"https:\\\/\\\/ibima.eu\\\/es\\\/erdera-jtc-2026\\\/#primaryimage\"},\"thumbnailUrl\":\"https:\\\/\\\/ibima.eu\\\/wp-content\\\/uploads\\\/2024\\\/03\\\/contact.png\",\"datePublished\":\"2025-11-06T12:42:33+00:00\",\"dateModified\":\"2025-11-06T12:45:41+00:00\",\"breadcrumb\":{\"@id\":\"https:\\\/\\\/ibima.eu\\\/es\\\/erdera-jtc-2026\\\/#breadcrumb\"},\"inLanguage\":\"en-GB\",\"potentialAction\":[{\"@type\":\"ReadAction\",\"target\":[\"https:\\\/\\\/ibima.eu\\\/es\\\/erdera-jtc-2026\\\/\"]}]},{\"@type\":\"ImageObject\",\"inLanguage\":\"en-GB\",\"@id\":\"https:\\\/\\\/ibima.eu\\\/es\\\/erdera-jtc-2026\\\/#primaryimage\",\"url\":\"https:\\\/\\\/ibima.eu\\\/wp-content\\\/uploads\\\/2024\\\/03\\\/contact.png\",\"contentUrl\":\"https:\\\/\\\/ibima.eu\\\/wp-content\\\/uploads\\\/2024\\\/03\\\/contact.png\"},{\"@type\":\"BreadcrumbList\",\"@id\":\"https:\\\/\\\/ibima.eu\\\/es\\\/erdera-jtc-2026\\\/#breadcrumb\",\"itemListElement\":[{\"@type\":\"ListItem\",\"position\":1,\"name\":\"Portada\",\"item\":\"https:\\\/\\\/ibima.eu\\\/es\\\/\"},{\"@type\":\"ListItem\",\"position\":2,\"name\":\"ERDERA &#8211; JTC 2026\"}]},{\"@type\":\"WebSite\",\"@id\":\"https:\\\/\\\/ibima.eu\\\/es\\\/#website\",\"url\":\"https:\\\/\\\/ibima.eu\\\/es\\\/\",\"name\":\"Ibima\",\"description\":\"\",\"potentialAction\":[{\"@type\":\"SearchAction\",\"target\":{\"@type\":\"EntryPoint\",\"urlTemplate\":\"https:\\\/\\\/ibima.eu\\\/es\\\/?s={search_term_string}\"},\"query-input\":{\"@type\":\"PropertyValueSpecification\",\"valueRequired\":true,\"valueName\":\"search_term_string\"}}],\"inLanguage\":\"en-GB\"}]}<\/script>\n<!-- \/ Yoast SEO plugin. -->","yoast_head_json":{"title":"ERDERA - JTC 2026 - Ibima","robots":{"index":"index","follow":"follow","max-snippet":"max-snippet:-1","max-image-preview":"max-image-preview:large","max-video-preview":"max-video-preview:-1"},"canonical":"https:\/\/ibima.eu\/en\/erdera-jtc-2026\/","og_locale":"en_GB","og_type":"article","og_title":"ERDERA - JTC 2026 - Ibima","og_description":"La European Rare Diseases Research Partnership (ERDERA) lanzar\u00e1 en diciembre de 2025 la Call for Proposals 2026, centrada en resolver casos no diagnosticados en enfermedades raras gen\u00e9ticas y no gen\u00e9ticas mediante la validaci\u00f3n de variantes y el uso de nuevas aproximaciones tecnol\u00f3gicas.El objetivo de la convocatoria es resolver enfermedades raras gen\u00e9ticas no diagnosticadas y abordar [&hellip;]","og_url":"https:\/\/ibima.eu\/en\/erdera-jtc-2026\/","og_site_name":"Ibima","article_modified_time":"2025-11-06T12:45:41+00:00","og_image":[{"url":"https:\/\/ibima.eu\/wp-content\/uploads\/2024\/03\/contact.png","type":"","width":"","height":""}],"twitter_card":"summary_large_image","twitter_misc":{"Estimated reading time":"4 minutes"},"schema":{"@context":"https:\/\/schema.org","@graph":[{"@type":"WebPage","@id":"https:\/\/ibima.eu\/es\/erdera-jtc-2026\/","url":"https:\/\/ibima.eu\/es\/erdera-jtc-2026\/","name":"ERDERA - JTC 2026 - Ibima","isPartOf":{"@id":"https:\/\/ibima.eu\/es\/#website"},"primaryImageOfPage":{"@id":"https:\/\/ibima.eu\/es\/erdera-jtc-2026\/#primaryimage"},"image":{"@id":"https:\/\/ibima.eu\/es\/erdera-jtc-2026\/#primaryimage"},"thumbnailUrl":"https:\/\/ibima.eu\/wp-content\/uploads\/2024\/03\/contact.png","datePublished":"2025-11-06T12:42:33+00:00","dateModified":"2025-11-06T12:45:41+00:00","breadcrumb":{"@id":"https:\/\/ibima.eu\/es\/erdera-jtc-2026\/#breadcrumb"},"inLanguage":"en-GB","potentialAction":[{"@type":"ReadAction","target":["https:\/\/ibima.eu\/es\/erdera-jtc-2026\/"]}]},{"@type":"ImageObject","inLanguage":"en-GB","@id":"https:\/\/ibima.eu\/es\/erdera-jtc-2026\/#primaryimage","url":"https:\/\/ibima.eu\/wp-content\/uploads\/2024\/03\/contact.png","contentUrl":"https:\/\/ibima.eu\/wp-content\/uploads\/2024\/03\/contact.png"},{"@type":"BreadcrumbList","@id":"https:\/\/ibima.eu\/es\/erdera-jtc-2026\/#breadcrumb","itemListElement":[{"@type":"ListItem","position":1,"name":"Portada","item":"https:\/\/ibima.eu\/es\/"},{"@type":"ListItem","position":2,"name":"ERDERA &#8211; JTC 2026"}]},{"@type":"WebSite","@id":"https:\/\/ibima.eu\/es\/#website","url":"https:\/\/ibima.eu\/es\/","name":"Ibima","description":"","potentialAction":[{"@type":"SearchAction","target":{"@type":"EntryPoint","urlTemplate":"https:\/\/ibima.eu\/es\/?s={search_term_string}"},"query-input":{"@type":"PropertyValueSpecification","valueRequired":true,"valueName":"search_term_string"}}],"inLanguage":"en-GB"}]}},"_links":{"self":[{"href":"https:\/\/ibima.eu\/en\/wp-json\/wp\/v2\/pages\/58241","targetHints":{"allow":["GET"]}}],"collection":[{"href":"https:\/\/ibima.eu\/en\/wp-json\/wp\/v2\/pages"}],"about":[{"href":"https:\/\/ibima.eu\/en\/wp-json\/wp\/v2\/types\/page"}],"author":[{"embeddable":true,"href":"https:\/\/ibima.eu\/en\/wp-json\/wp\/v2\/users\/4"}],"replies":[{"embeddable":true,"href":"https:\/\/ibima.eu\/en\/wp-json\/wp\/v2\/comments?post=58241"}],"version-history":[{"count":6,"href":"https:\/\/ibima.eu\/en\/wp-json\/wp\/v2\/pages\/58241\/revisions"}],"predecessor-version":[{"id":58250,"href":"https:\/\/ibima.eu\/en\/wp-json\/wp\/v2\/pages\/58241\/revisions\/58250"}],"wp:attachment":[{"href":"https:\/\/ibima.eu\/en\/wp-json\/wp\/v2\/media?parent=58241"}],"curies":[{"name":"wp","href":"https:\/\/api.w.org\/{rel}","templated":true}]}}