{"id":58195,"date":"2025-11-06T10:45:18","date_gmt":"2025-11-06T10:45:18","guid":{"rendered":"https:\/\/ibima.eu\/?page_id=58195"},"modified":"2025-11-27T10:55:35","modified_gmt":"2025-11-27T10:55:35","slug":"thcs-jtc-2026","status":"publish","type":"page","link":"https:\/\/ibima.eu\/es\/thcs-jtc-2026\/","title":{"rendered":"THCS &#8211; JTC 2026"},"content":{"rendered":"<p>[et_pb_section fb_built=\u00bb1&#8243; admin_label=\u00bbsection\u00bb _builder_version=\u00bb4.25.1&#8243; custom_padding=\u00bb||0px|||\u00bb locked=\u00bboff\u00bb collapsed=\u00bboff\u00bb global_colors_info=\u00bb{}\u00bb][et_pb_row column_structure=\u00bb1_5,3_5,1_5&#8243; _builder_version=\u00bb4.27.4&#8243; _module_preset=\u00bbdefault\u00bb custom_margin=\u00bb21px||||false|false\u00bb global_colors_info=\u00bb{}\u00bb][et_pb_column type=\u00bb1_5&#8243; _builder_version=\u00bb4.25.1&#8243; _module_preset=\u00bbdefault\u00bb global_colors_info=\u00bb{}\u00bb][\/et_pb_column][et_pb_column type=\u00bb3_5&#8243; _builder_version=\u00bb4.25.1&#8243; _module_preset=\u00bbdefault\u00bb global_colors_info=\u00bb{}\u00bb][et_pb_image src=\u00bbhttps:\/\/ibima.eu\/wp-content\/uploads\/2025\/11\/THCS.png\u00bb title_text=\u00bbTHCS\u00bb align=\u00bbcenter\u00bb _builder_version=\u00bb4.27.4&#8243; _module_preset=\u00bbdefault\u00bb width=\u00bb54%\u00bb module_alignment=\u00bbcenter\u00bb custom_margin=\u00bb26px||||false|false\u00bb global_colors_info=\u00bb{}\u00bb][\/et_pb_image][\/et_pb_column][et_pb_column type=\u00bb1_5&#8243; _builder_version=\u00bb4.25.1&#8243; _module_preset=\u00bbdefault\u00bb global_colors_info=\u00bb{}\u00bb][\/et_pb_column][\/et_pb_row][et_pb_row _builder_version=\u00bb4.27.4&#8243; _module_preset=\u00bbdefault\u00bb custom_margin=\u00bb59px||||false|false\u00bb global_colors_info=\u00bb{}\u00bb][et_pb_column type=\u00bb4_4&#8243; _builder_version=\u00bb4.25.1&#8243; _module_preset=\u00bbdefault\u00bb global_colors_info=\u00bb{}\u00bb][et_pb_heading title=\u00bbTHCS Preanuncio \u2013 Call for Transnational Proposals 2026: Access to Care \u00bb _builder_version=\u00bb4.27.4&#8243; _module_preset=\u00bbdefault\u00bb title_text_align=\u00bbcenter\u00bb title_text_color=\u00bb#0C71C3&#8243; title_line_height=\u00bb1.3em\u00bb module_alignment=\u00bbcenter\u00bb global_colors_info=\u00bb{}\u00bb][\/et_pb_heading][\/et_pb_column][\/et_pb_row][et_pb_row _builder_version=\u00bb4.27.4&#8243; _module_preset=\u00bbdefault\u00bb width=\u00bb75.9%\u00bb custom_margin=\u00bb20px|auto||159px|false|false\u00bb global_colors_info=\u00bb{}\u00bb][et_pb_column type=\u00bb4_4&#8243; _builder_version=\u00bb4.25.1&#8243; _module_preset=\u00bbdefault\u00bb global_colors_info=\u00bb{}\u00bb][et_pb_text admin_label=\u00bbText\u00bb _builder_version=\u00bb4.27.4&#8243; header_text_color=\u00bb#000000&#8243; background_size=\u00bbinitial\u00bb background_position=\u00bbtop_left\u00bb background_repeat=\u00bbrepeat\u00bb width=\u00bb100%\u00bb custom_margin=\u00bb1px|-78px|||false|false\u00bb global_colors_info=\u00bb{}\u00bb]<\/p>\n<p data-start=\"323\" data-end=\"601\">La European THCS Partnership lanzar\u00e1 en noviembre de 2025 la <strong data-start=\"384\" data-end=\"425\">Call for Transnational Proposals 2026<\/strong>, dedicada a financiar proyectos de investigaci\u00f3n e innovaci\u00f3n que contribuyan a garantizar un acceso equitativo a los servicios de salud y cuidado, y su utilizaci\u00f3n eficiente.<\/p>\n<p>[\/et_pb_text][et_pb_heading title=\u00bbObjetivos de la convocatoria\u00bb _builder_version=\u00bb4.27.4&#8243; _module_preset=\u00bbdefault\u00bb title_font=\u00bb|||on|||||\u00bb title_text_color=\u00bb#0C71C3&#8243; min_height=\u00bb0px\u00bb custom_margin=\u00bb20px||||false|false\u00bb global_colors_info=\u00bb{}\u00bb custom_padding__hover_enabled=\u00bbon|desktop\u00bb][\/et_pb_heading][\/et_pb_column][\/et_pb_row][et_pb_row admin_label=\u00bbrow\u00bb _builder_version=\u00bb4.25.1&#8243; background_size=\u00bbinitial\u00bb background_position=\u00bbtop_left\u00bb background_repeat=\u00bbrepeat\u00bb width=\u00bb77.1%\u00bb custom_margin=\u00bb|-259px||161px||\u00bb custom_padding=\u00bb|0px||9px||\u00bb global_colors_info=\u00bb{}\u00bb][et_pb_column type=\u00bb4_4&#8243; _builder_version=\u00bb4.16&#8243; custom_padding=\u00bb|||\u00bb global_colors_info=\u00bb{}\u00bb custom_padding__hover=\u00bb|||\u00bb][et_pb_text admin_label=\u00bbText\u00bb _builder_version=\u00bb4.27.4&#8243; header_text_color=\u00bb#000000&#8243; background_size=\u00bbinitial\u00bb background_position=\u00bbtop_left\u00bb background_repeat=\u00bbrepeat\u00bb width=\u00bb100%\u00bb custom_margin=\u00bb11px|-78px|||false|false\u00bb hover_enabled=\u00bb0&#8243; global_colors_info=\u00bb{}\u00bb sticky_enabled=\u00bb0&#8243;]<\/p>\n<p data-start=\"200\" data-end=\"402\">El objetivo principal de la convocatoria es financiar proyectos de investigaci\u00f3n e innovaci\u00f3n que contribuyan a garantizar un acceso y una utilizaci\u00f3n equitativos de los servicios de salud y atenci\u00f3n.<\/p>\n<p data-start=\"404\" data-end=\"440\">Los proyectos financiados deber\u00e1n:<\/p>\n<ul>\n<li data-start=\"444\" data-end=\"614\">Construir sobre la evidencia existente para ofrecer soluciones innovadoras que reduzcan desigualdades en el acceso y la utilizaci\u00f3n de los servicios de salud y cuidado.<\/li>\n<li data-start=\"444\" data-end=\"614\">Mejorar el acceso a todos los niveles del sistema mediante modelos financieros, modelos de prestaci\u00f3n de servicios y programas interdisciplinarios de cuidado integrado.<\/li>\n<li data-start=\"444\" data-end=\"614\">Identificar ejemplos de mejores pr\u00e1cticas y realizar estudios de caso aplicando los enfoques propuestos en pa\u00edses o regiones espec\u00edficos, demostrando o pilotando soluciones en \u00e1reas desatendidas y mostrando c\u00f3mo escalar y compartir estas soluciones.<\/li>\n<li data-start=\"444\" data-end=\"614\">Explorar pol\u00edticas que promuevan un uso apropiado mediante educaci\u00f3n, eliminaci\u00f3n de barreras y participaci\u00f3n de usuarios y cuidadores, incluyendo la alfabetizaci\u00f3n digital.<\/li>\n<li data-start=\"444\" data-end=\"614\">Demostrar prueba de concepto, validar conceptos, modelos o soluciones y mostrar demostraciones en ecosistemas de salud y atenci\u00f3n relevantes.<\/li>\n<li style=\"list-style-type: none;\">\n<ul data-start=\"442\" data-end=\"1365\"><\/ul>\n<\/li>\n<\/ul>\n<p>[\/et_pb_text][\/et_pb_column][\/et_pb_row][et_pb_row _builder_version=\u00bb4.27.4&#8243; _module_preset=\u00bbdefault\u00bb width=\u00bb75.9%\u00bb custom_margin=\u00bb10px|auto||159px|false|false\u00bb global_colors_info=\u00bb{}\u00bb][et_pb_column type=\u00bb4_4&#8243; _builder_version=\u00bb4.25.1&#8243; _module_preset=\u00bbdefault\u00bb global_colors_info=\u00bb{}\u00bb][et_pb_heading title=\u00bbCriterios de exclusion de las propuestas\u00bb _builder_version=\u00bb4.27.4&#8243; _module_preset=\u00bbdefault\u00bb title_font=\u00bb|||on|||||\u00bb title_text_color=\u00bb#0C71C3&#8243; min_height=\u00bb0px\u00bb custom_margin=\u00bb1px||||false|false\u00bb hover_enabled=\u00bb0&#8243; global_colors_info=\u00bb{}\u00bb custom_padding__hover_enabled=\u00bbon|desktop\u00bb sticky_enabled=\u00bb0&#8243;][\/et_pb_heading][et_pb_text _builder_version=\u00bb4.27.4&#8243; _module_preset=\u00bbdefault\u00bb custom_padding=\u00bb||0px|11px||\u00bb hover_enabled=\u00bb0&#8243; global_colors_info=\u00bb{}\u00bb sticky_enabled=\u00bb0&#8243;]<\/p>\n<ul>\n<li data-start=\"1313\" data-end=\"1494\" style=\"text-align: justify;\">No consideran un enfoque a nivel de todo el ecosistema.<\/li>\n<li data-start=\"1313\" data-end=\"1494\" style=\"text-align: justify;\">No tienen en cuenta la perspectiva de los usuarios finales en las fases de dise\u00f1o, implementaci\u00f3n y evaluaci\u00f3n<\/li>\n<li data-start=\"1313\" data-end=\"1494\" style=\"text-align: justify;\">Se limitan a estudios epidemiol\u00f3gicos o descriptivos sin proponer soluciones concretas y accionables o modelos de implementaci\u00f3n en los sistemas de salud y atenci\u00f3n.<\/li>\n<li data-start=\"1313\" data-end=\"1494\" style=\"text-align: justify;\">Se centran predominantemente en aspectos cl\u00ednicos o biom\u00e9dicos, sin abordar componentes sist\u00e9micos, organizativos o sociales de la prestaci\u00f3n de salud y atenci\u00f3n.<\/li>\n<li data-start=\"1313\" data-end=\"1494\" style=\"text-align: justify;\">Se refieren \u00fanicamente a servicios de bienestar y no abordan cuestiones relacionadas con los servicios de salud y atenci\u00f3n.\n<div class=\"text-base my-auto mx-auto pb-10 [--thread-content-margin:--spacing(4)] thread-sm:[--thread-content-margin:--spacing(6)] thread-lg:[--thread-content-margin:--spacing(16)] px-(--thread-content-margin)\"><\/div>\n<\/li>\n<\/ul>\n<p>[\/et_pb_text][\/et_pb_column][\/et_pb_row][et_pb_row _builder_version=\u00bb4.27.4&#8243; _module_preset=\u00bbdefault\u00bb width=\u00bb75.9%\u00bb custom_margin=\u00bb14px|auto|-13px|159px|false|false\u00bb global_colors_info=\u00bb{}\u00bb][et_pb_column type=\u00bb4_4&#8243; _builder_version=\u00bb4.25.1&#8243; _module_preset=\u00bbdefault\u00bb global_colors_info=\u00bb{}\u00bb][et_pb_heading title=\u00bbCondiciones generales\u00bb _builder_version=\u00bb4.27.4&#8243; _module_preset=\u00bbdefault\u00bb title_font=\u00bb|||on|||||\u00bb title_text_color=\u00bb#0C71C3&#8243; min_height=\u00bb0px\u00bb custom_margin=\u00bb1px||||false|false\u00bb global_colors_info=\u00bb{}\u00bb custom_padding__hover_enabled=\u00bbon|desktop\u00bb][\/et_pb_heading][et_pb_text _builder_version=\u00bb4.27.4&#8243; _module_preset=\u00bbdefault\u00bb custom_padding=\u00bb||0px|11px||\u00bb global_colors_info=\u00bb{}\u00bb]<\/p>\n<ul>\n<li>Pa\u00edses participantes: Austria, B\u00e9lgica, Rep\u00fablica Checa, Dinamarca, Estonia, Francia, Grecia, Islandia, Irlanda, Israel, Italia, Letonia, Lituania, Malta, Pa\u00edses Bajos, Noruega, Polonia, Portugal, Ruman\u00eda, Eslovaquia, Espa\u00f1a, Suecia, Suiza, Reino Unido.<\/li>\n<li>Cada socio del proyecto ser\u00e1 financiado por su organismo nacional\/regional correspondiente.<\/li>\n<li>El consorcio m\u00ednimo elegible ser\u00e1 de socios elegibles de 3 pa\u00edses diferentes participantes en la convocatoria.<\/li>\n<li>El consorcio m\u00e1ximo ser\u00e1 de 9 socios financiables, con un m\u00e1ximo de 2 socios elegibles por pa\u00eds.<\/li>\n<li>Se permite un m\u00e1ximo de 2 colaboradores auto-financiados por consorcio (3 si alguno es stakeholder operativo).<\/li>\n<li>Procedimiento en <strong data-start=\"2896\" data-end=\"2910\">dos fases:<\/strong> pre-propuestas y propuestas completas.<\/li>\n<\/ul>\n<p>[\/et_pb_text][\/et_pb_column][\/et_pb_row][et_pb_row _builder_version=\u00bb4.27.4&#8243; _module_preset=\u00bbdefault\u00bb width=\u00bb75.9%\u00bb custom_margin=\u00bb14px|auto|-13px|159px|false|false\u00bb global_colors_info=\u00bb{}\u00bb][et_pb_column type=\u00bb4_4&#8243; _builder_version=\u00bb4.25.1&#8243; _module_preset=\u00bbdefault\u00bb global_colors_info=\u00bb{}\u00bb][et_pb_heading title=\u00bbFinanciaci\u00f3n\u00bb _builder_version=\u00bb4.27.4&#8243; _module_preset=\u00bbdefault\u00bb title_font=\u00bb|||on|||||\u00bb title_text_color=\u00bb#0C71C3&#8243; min_height=\u00bb0px\u00bb custom_margin=\u00bb1px||||false|false\u00bb hover_enabled=\u00bb0&#8243; global_colors_info=\u00bb{}\u00bb custom_padding__hover_enabled=\u00bbon|desktop\u00bb sticky_enabled=\u00bb0&#8243;][\/et_pb_heading][et_pb_text _builder_version=\u00bb4.27.4&#8243; _module_preset=\u00bbdefault\u00bb custom_padding=\u00bb||0px|11px||\u00bb hover_enabled=\u00bb0&#8243; global_colors_info=\u00bb{}\u00bb sticky_enabled=\u00bb0&#8243;]<\/p>\n<p data-start=\"195\" data-end=\"290\"><strong data-start=\"195\" data-end=\"288\">Si se solicitaran los fondos a la Consejer\u00eda de Salud y Consumo de la Junta de Andaluc\u00eda:<\/strong><\/p>\n<ul data-start=\"291\" data-end=\"463\">\n<li data-start=\"291\" data-end=\"380\">\n<p data-start=\"293\" data-end=\"380\">Si la entidad andaluza act\u00faa como <strong data-start=\"327\" data-end=\"343\">coordinadora<\/strong>: hasta <strong data-start=\"351\" data-end=\"364\">250.000 \u20ac<\/strong> por proyecto.<\/p>\n<\/li>\n<li data-start=\"381\" data-end=\"463\">\n<p data-start=\"383\" data-end=\"463\">Si la entidad andaluza act\u00faa como <strong data-start=\"417\" data-end=\"426\">socia<\/strong>: hasta <strong data-start=\"434\" data-end=\"447\">125.000 \u20ac<\/strong> por proyecto.<\/p>\n<\/li>\n<\/ul>\n<p data-start=\"465\" data-end=\"533\"><strong data-start=\"465\" data-end=\"531\">Si se solicitaran los fondos al Instituto de Salud Carlos III:<\/strong><\/p>\n<ul data-start=\"534\" data-end=\"944\">\n<li data-start=\"534\" data-end=\"758\">\n<p data-start=\"536\" data-end=\"559\">Como <strong data-start=\"541\" data-end=\"556\">coordinador<\/strong>:<\/p>\n<ul data-start=\"562\" data-end=\"758\">\n<li data-start=\"562\" data-end=\"639\">\n<p data-start=\"564\" data-end=\"639\"><strong data-start=\"564\" data-end=\"577\">300.000 \u20ac<\/strong>, si hay solo un socio espa\u00f1ol solicitando fondos al ISCIII.<\/p>\n<\/li>\n<li data-start=\"642\" data-end=\"758\">\n<p data-start=\"644\" data-end=\"758\"><strong data-start=\"644\" data-end=\"668\">400.000 \u20ac a repartir<\/strong>, si hay dos socios solicitando financiaci\u00f3n al ISCIII, siendo uno de ellos coordinador.<\/p>\n<\/li>\n<\/ul>\n<\/li>\n<li data-start=\"759\" data-end=\"944\">\n<p data-start=\"761\" data-end=\"778\">Como <strong data-start=\"766\" data-end=\"775\">socio<\/strong>:<\/p>\n<ul data-start=\"781\" data-end=\"944\">\n<li data-start=\"781\" data-end=\"858\">\n<p data-start=\"783\" data-end=\"858\"><strong data-start=\"783\" data-end=\"796\">220.000 \u20ac<\/strong>, si hay solo un socio espa\u00f1ol solicitando fondos al ISCIII.<\/p>\n<\/li>\n<li data-start=\"861\" data-end=\"944\">\n<p data-start=\"863\" data-end=\"944\"><strong data-start=\"863\" data-end=\"887\">275.000 \u20ac a repartir<\/strong>, si hay dos socios solicitando financiaci\u00f3n al ISCIII.<\/p>\n<\/li>\n<\/ul>\n<\/li>\n<\/ul>\n<p>[\/et_pb_text][\/et_pb_column][\/et_pb_row][et_pb_row _builder_version=\u00bb4.27.4&#8243; _module_preset=\u00bbdefault\u00bb width=\u00bb75.9%\u00bb min_height=\u00bb317px\u00bb custom_margin=\u00bb10px|auto||159px|false|false\u00bb custom_padding=\u00bb||0px|||\u00bb global_colors_info=\u00bb{}\u00bb][et_pb_column type=\u00bb4_4&#8243; _builder_version=\u00bb4.25.1&#8243; _module_preset=\u00bbdefault\u00bb global_colors_info=\u00bb{}\u00bb][et_pb_heading title=\u00bbfechas clave\u00bb _builder_version=\u00bb4.27.4&#8243; _module_preset=\u00bbdefault\u00bb title_font=\u00bb|||on|||||\u00bb title_text_color=\u00bb#0C71C3&#8243; min_height=\u00bb0px\u00bb custom_margin=\u00bb1px||||false|false\u00bb global_colors_info=\u00bb{}\u00bb custom_padding__hover_enabled=\u00bbon|desktop\u00bb][\/et_pb_heading][et_pb_text _builder_version=\u00bb4.27.4&#8243; _module_preset=\u00bbdefault\u00bb custom_margin=\u00bb||8px|||\u00bb custom_padding=\u00bb||0px|11px||\u00bb global_colors_info=\u00bb{}\u00bb]<\/p>\n<ul>\n<li data-start=\"3429\" data-end=\"3486\">\n<p data-start=\"3431\" data-end=\"3486\"><strong data-start=\"3431\" data-end=\"3453\">21 noviembre 2025:<\/strong> Publicaci\u00f3n de la convocatoria<\/p>\n<\/li>\n<li data-start=\"3487\" data-end=\"3559\">\n<p data-start=\"3489\" data-end=\"3559\"><strong data-start=\"3489\" data-end=\"3528\">10 diciembre 2025, 14:00-16:00 CET:<\/strong> Webinar informativo JTC 2026<\/p>\n<\/li>\n<li data-start=\"3560\" data-end=\"3628\">\n<p data-start=\"3562\" data-end=\"3628\"><strong data-start=\"3562\" data-end=\"3592\">2 febrero 2026, 14:00 CET:<\/strong> Fecha l\u00edmite env\u00edo pre-propuestas<\/p>\n<\/li>\n<li data-start=\"3629\" data-end=\"3703\">\n<p data-start=\"3631\" data-end=\"3703\"><strong data-start=\"3631\" data-end=\"3661\">30 junio 2026, 14:00 CEST:<\/strong> Fecha l\u00edmite env\u00edo propuestas completas<\/p>\n<\/li>\n<li data-start=\"3704\" data-end=\"3745\">\n<p data-start=\"3706\" data-end=\"3745\"><strong data-start=\"3706\" data-end=\"3726\">Septiembre 2026:<\/strong> Fase de rebuttal<\/p>\n<\/li>\n<li data-start=\"3746\" data-end=\"3802\">\n<p data-start=\"3748\" data-end=\"3802\"><strong data-start=\"3748\" data-end=\"3765\">Octubre 2026:<\/strong> Comunicaci\u00f3n de resultados finales<\/p>\n<\/li>\n<li data-start=\"3803\" data-end=\"3868\">\n<p data-start=\"3805\" data-end=\"3868\"><strong data-start=\"3805\" data-end=\"3825\">Principios 2027:<\/strong> Inicio previsto de proyectos financiados<\/p>\n<\/li>\n<\/ul>\n<p>[\/et_pb_text][\/et_pb_column][\/et_pb_row][et_pb_row _builder_version=\u00bb4.27.4&#8243; _module_preset=\u00bbdefault\u00bb width=\u00bb75.9%\u00bb custom_margin=\u00bb-50px|auto||159px|false|false\u00bb hover_enabled=\u00bb0&#8243; global_colors_info=\u00bb{}\u00bb sticky_enabled=\u00bb0&#8243;][et_pb_column type=\u00bb4_4&#8243; _builder_version=\u00bb4.25.1&#8243; _module_preset=\u00bbdefault\u00bb global_colors_info=\u00bb{}\u00bb][et_pb_heading title=\u00bbDocumentaci\u00f3n y enlaces clave\u00bb _builder_version=\u00bb4.27.4&#8243; _module_preset=\u00bbdefault\u00bb title_font=\u00bb|||on|||||\u00bb title_text_color=\u00bb#0C71C3&#8243; min_height=\u00bb0px\u00bb custom_margin=\u00bb1px||||false|false\u00bb global_colors_info=\u00bb{}\u00bb custom_padding__hover_enabled=\u00bbon|desktop\u00bb][\/et_pb_heading][et_pb_text _builder_version=\u00bb4.27.4&#8243; _module_preset=\u00bbdefault\u00bb custom_padding=\u00bb|||11px||\u00bb link_option_url=\u00bbhttps:\/\/www.thcspartnership.eu\/funding\/jtc-2026-access-to-care.kl\u00bb hover_enabled=\u00bb0&#8243; global_colors_info=\u00bb{}\u00bb sticky_enabled=\u00bb0&#8243;]<\/p>\n<ul>\n<li style=\"list-style-type: none;\">\n<ul>\n<li style=\"list-style-type: none;\">\n<ul>\n<li data-start=\"6416\" data-end=\"6460\">\n<p data-start=\"6418\" data-end=\"6460\"><a data-start=\"6418\" data-end=\"6458\" class=\"decorated-link\" href=\"https:\/\/www.thcspartnership.eu\/funding\/jtc-2026-access-to-care.kl\">Web THCS<\/a><\/p>\n<\/li>\n<li data-start=\"6416\" data-end=\"6460\">\n<p data-start=\"6418\" data-end=\"6460\"><a data-start=\"6418\" data-end=\"6458\" class=\"decorated-link\" href=\"https:\/\/www.eppermed.eu\/funding-projects\/calls\/jtc2026\/\"><\/a><a href=\"https:\/\/www.thcspartnership.eu\/kdocs\/2213189\/thcs-jtc-2026-call-text-v1.0.pdf\">Texto de la convocatoria<\/a><\/p>\n<\/li>\n<li data-start=\"6416\" data-end=\"6460\">\n<p data-start=\"6418\" data-end=\"6460\"><a href=\"https:\/\/www.eppermed.eu\/wp-content\/uploads\/EPPerMed_RITC_MultiPMData2026_call-text_FV.pdf\"><\/a><a href=\"https:\/\/www.thcspartnership.eu\/kdocs\/2213190\/thcs-jtc-2026-guidelines-applicants-v1.0.pdf\">Guidelines<\/a><\/p>\n<\/li>\n<li data-start=\"6416\" data-end=\"6460\">\n<p data-start=\"6418\" data-end=\"6460\"><a href=\"https:\/\/www.eppermed.eu\/wp-content\/uploads\/2_EPPerMed_RITC2026_GuidelinesApplicants_FV.pdf\"><\/a><a href=\"https:\/\/www.zonmw.nl\/en\/calendar\/thcs-jtc-2026-information-webinar-applicants\">Registro Infoday<\/a><\/p>\n<\/li>\n<li data-start=\"6416\" data-end=\"6460\">\n<p data-start=\"6418\" data-end=\"6460\"><a href=\"https:\/\/registration.dlr-pt.de\/en\/ep-permed-ritc2026-information-day\/registration\"><\/a><a href=\"https:\/\/proposals.etag.ee\/thcs\/2026\">Plataforma de env\u00edo de propuestas<\/a><\/p>\n<\/li>\n<li data-start=\"6416\" data-end=\"6460\">\n<p data-start=\"6418\" data-end=\"6460\"><a href=\"https:\/\/ptoutline.eu\/app\/EPPERMEDRITC2026\"><\/a><a href=\"https:\/\/www.eppermed.eu\/wp-content\/uploads\/EPPerMed_JTC2026_CARMEN2026_pre-proposal_form.docx\">Template de pre-propuesta<\/a><\/p>\n<\/li>\n<li data-start=\"6416\" data-end=\"6460\">\n<p data-start=\"6418\" data-end=\"6460\"><a href=\"https:\/\/www.eppermed.eu\/wp-content\/uploads\/EPPerMed_RITC_MultiPMData2026_pre-proposal_form.docx\"><\/a><a href=\"https:\/\/partfinder.ncbr.gov.pl\/\">Plataforma de matchmaking<\/a><\/p>\n<\/li>\n<\/ul>\n<\/li>\n<\/ul>\n<\/li>\n<\/ul>\n<p>[\/et_pb_text][\/et_pb_column][\/et_pb_row][\/et_pb_section]<\/p>\n","protected":false},"excerpt":{"rendered":"<p>La European THCS Partnership lanzar\u00e1 en noviembre de 2025 la Call for Transnational Proposals 2026, dedicada a financiar proyectos de investigaci\u00f3n e innovaci\u00f3n que contribuyan a garantizar un acceso equitativo a los servicios de salud y cuidado, y su utilizaci\u00f3n eficiente.El objetivo principal de la convocatoria es financiar proyectos de investigaci\u00f3n e innovaci\u00f3n que contribuyan [&hellip;]<\/p>\n","protected":false},"author":4,"featured_media":0,"parent":0,"menu_order":0,"comment_status":"closed","ping_status":"closed","template":"","meta":{"_acf_changed":false,"_et_pb_use_builder":"on","_et_pb_old_content":"","_et_gb_content_width":"","footnotes":""},"class_list":["post-58195","page","type-page","status-publish","hentry"],"acf":[],"yoast_head":"<!-- This site is optimized with the Yoast SEO plugin v27.5 - https:\/\/yoast.com\/product\/yoast-seo-wordpress\/ -->\n<title>THCS - JTC 2026 - Ibima<\/title>\n<meta name=\"robots\" content=\"index, follow, max-snippet:-1, max-image-preview:large, max-video-preview:-1\" \/>\n<link rel=\"canonical\" href=\"https:\/\/ibima.eu\/es\/thcs-jtc-2026\/\" \/>\n<meta property=\"og:locale\" content=\"es_ES\" \/>\n<meta property=\"og:type\" content=\"article\" \/>\n<meta property=\"og:title\" content=\"THCS - JTC 2026 - Ibima\" \/>\n<meta property=\"og:description\" content=\"La European THCS Partnership lanzar\u00e1 en noviembre de 2025 la Call for Transnational Proposals 2026, dedicada a financiar proyectos de investigaci\u00f3n e innovaci\u00f3n que contribuyan a garantizar un acceso equitativo a los servicios de salud y cuidado, y su utilizaci\u00f3n eficiente.El objetivo principal de la convocatoria es financiar proyectos de investigaci\u00f3n e innovaci\u00f3n que contribuyan [&hellip;]\" \/>\n<meta property=\"og:url\" content=\"https:\/\/ibima.eu\/es\/thcs-jtc-2026\/\" \/>\n<meta property=\"og:site_name\" content=\"Ibima\" \/>\n<meta property=\"article:modified_time\" content=\"2025-11-27T10:55:35+00:00\" \/>\n<meta name=\"twitter:card\" content=\"summary_large_image\" \/>\n<meta name=\"twitter:label1\" content=\"Tiempo de lectura\" \/>\n\t<meta name=\"twitter:data1\" content=\"4 minutos\" \/>\n<script type=\"application\/ld+json\" class=\"yoast-schema-graph\">{\"@context\":\"https:\\\/\\\/schema.org\",\"@graph\":[{\"@type\":\"WebPage\",\"@id\":\"https:\\\/\\\/ibima.eu\\\/es\\\/thcs-jtc-2026\\\/\",\"url\":\"https:\\\/\\\/ibima.eu\\\/es\\\/thcs-jtc-2026\\\/\",\"name\":\"THCS - JTC 2026 - Ibima\",\"isPartOf\":{\"@id\":\"https:\\\/\\\/ibima.eu\\\/es\\\/#website\"},\"datePublished\":\"2025-11-06T10:45:18+00:00\",\"dateModified\":\"2025-11-27T10:55:35+00:00\",\"breadcrumb\":{\"@id\":\"https:\\\/\\\/ibima.eu\\\/es\\\/thcs-jtc-2026\\\/#breadcrumb\"},\"inLanguage\":\"es\",\"potentialAction\":[{\"@type\":\"ReadAction\",\"target\":[\"https:\\\/\\\/ibima.eu\\\/es\\\/thcs-jtc-2026\\\/\"]}]},{\"@type\":\"BreadcrumbList\",\"@id\":\"https:\\\/\\\/ibima.eu\\\/es\\\/thcs-jtc-2026\\\/#breadcrumb\",\"itemListElement\":[{\"@type\":\"ListItem\",\"position\":1,\"name\":\"Portada\",\"item\":\"https:\\\/\\\/ibima.eu\\\/es\\\/\"},{\"@type\":\"ListItem\",\"position\":2,\"name\":\"THCS &#8211; JTC 2026\"}]},{\"@type\":\"WebSite\",\"@id\":\"https:\\\/\\\/ibima.eu\\\/es\\\/#website\",\"url\":\"https:\\\/\\\/ibima.eu\\\/es\\\/\",\"name\":\"Ibima\",\"description\":\"\",\"potentialAction\":[{\"@type\":\"SearchAction\",\"target\":{\"@type\":\"EntryPoint\",\"urlTemplate\":\"https:\\\/\\\/ibima.eu\\\/es\\\/?s={search_term_string}\"},\"query-input\":{\"@type\":\"PropertyValueSpecification\",\"valueRequired\":true,\"valueName\":\"search_term_string\"}}],\"inLanguage\":\"es\"}]}<\/script>\n<!-- \/ Yoast SEO plugin. -->","yoast_head_json":{"title":"THCS - JTC 2026 - Ibima","robots":{"index":"index","follow":"follow","max-snippet":"max-snippet:-1","max-image-preview":"max-image-preview:large","max-video-preview":"max-video-preview:-1"},"canonical":"https:\/\/ibima.eu\/es\/thcs-jtc-2026\/","og_locale":"es_ES","og_type":"article","og_title":"THCS - JTC 2026 - Ibima","og_description":"La European THCS Partnership lanzar\u00e1 en noviembre de 2025 la Call for Transnational Proposals 2026, dedicada a financiar proyectos de investigaci\u00f3n e innovaci\u00f3n que contribuyan a garantizar un acceso equitativo a los servicios de salud y cuidado, y su utilizaci\u00f3n eficiente.El objetivo principal de la convocatoria es financiar proyectos de investigaci\u00f3n e innovaci\u00f3n que contribuyan [&hellip;]","og_url":"https:\/\/ibima.eu\/es\/thcs-jtc-2026\/","og_site_name":"Ibima","article_modified_time":"2025-11-27T10:55:35+00:00","twitter_card":"summary_large_image","twitter_misc":{"Tiempo de lectura":"4 minutos"},"schema":{"@context":"https:\/\/schema.org","@graph":[{"@type":"WebPage","@id":"https:\/\/ibima.eu\/es\/thcs-jtc-2026\/","url":"https:\/\/ibima.eu\/es\/thcs-jtc-2026\/","name":"THCS - JTC 2026 - Ibima","isPartOf":{"@id":"https:\/\/ibima.eu\/es\/#website"},"datePublished":"2025-11-06T10:45:18+00:00","dateModified":"2025-11-27T10:55:35+00:00","breadcrumb":{"@id":"https:\/\/ibima.eu\/es\/thcs-jtc-2026\/#breadcrumb"},"inLanguage":"es","potentialAction":[{"@type":"ReadAction","target":["https:\/\/ibima.eu\/es\/thcs-jtc-2026\/"]}]},{"@type":"BreadcrumbList","@id":"https:\/\/ibima.eu\/es\/thcs-jtc-2026\/#breadcrumb","itemListElement":[{"@type":"ListItem","position":1,"name":"Portada","item":"https:\/\/ibima.eu\/es\/"},{"@type":"ListItem","position":2,"name":"THCS &#8211; JTC 2026"}]},{"@type":"WebSite","@id":"https:\/\/ibima.eu\/es\/#website","url":"https:\/\/ibima.eu\/es\/","name":"Ibima","description":"","potentialAction":[{"@type":"SearchAction","target":{"@type":"EntryPoint","urlTemplate":"https:\/\/ibima.eu\/es\/?s={search_term_string}"},"query-input":{"@type":"PropertyValueSpecification","valueRequired":true,"valueName":"search_term_string"}}],"inLanguage":"es"}]}},"_links":{"self":[{"href":"https:\/\/ibima.eu\/es\/wp-json\/wp\/v2\/pages\/58195","targetHints":{"allow":["GET"]}}],"collection":[{"href":"https:\/\/ibima.eu\/es\/wp-json\/wp\/v2\/pages"}],"about":[{"href":"https:\/\/ibima.eu\/es\/wp-json\/wp\/v2\/types\/page"}],"author":[{"embeddable":true,"href":"https:\/\/ibima.eu\/es\/wp-json\/wp\/v2\/users\/4"}],"replies":[{"embeddable":true,"href":"https:\/\/ibima.eu\/es\/wp-json\/wp\/v2\/comments?post=58195"}],"version-history":[{"count":7,"href":"https:\/\/ibima.eu\/es\/wp-json\/wp\/v2\/pages\/58195\/revisions"}],"predecessor-version":[{"id":58687,"href":"https:\/\/ibima.eu\/es\/wp-json\/wp\/v2\/pages\/58195\/revisions\/58687"}],"wp:attachment":[{"href":"https:\/\/ibima.eu\/es\/wp-json\/wp\/v2\/media?parent=58195"}],"curies":[{"name":"wp","href":"https:\/\/api.w.org\/{rel}","templated":true}]}}