{"id":59805,"date":"2026-02-03T10:17:55","date_gmt":"2026-02-03T10:17:55","guid":{"rendered":"https:\/\/ibima.eu\/?page_id=59805"},"modified":"2026-02-03T11:50:00","modified_gmt":"2026-02-03T11:50:00","slug":"beready-jtc-2026","status":"publish","type":"page","link":"https:\/\/ibima.eu\/es\/beready-jtc-2026\/","title":{"rendered":"BeReady &#8211; JTC 2026"},"content":{"rendered":"<p>[et_pb_section fb_built=\u00bb1&#8243; admin_label=\u00bbsection\u00bb _builder_version=\u00bb4.25.1&#8243; custom_padding=\u00bb||0px|||\u00bb locked=\u00bboff\u00bb collapsed=\u00bboff\u00bb global_colors_info=\u00bb{}\u00bb][et_pb_row column_structure=\u00bb1_5,3_5,1_5&#8243; _builder_version=\u00bb4.27.4&#8243; _module_preset=\u00bbdefault\u00bb custom_margin=\u00bb21px||||false|false\u00bb global_colors_info=\u00bb{}\u00bb][et_pb_column type=\u00bb1_5&#8243; _builder_version=\u00bb4.25.1&#8243; _module_preset=\u00bbdefault\u00bb global_colors_info=\u00bb{}\u00bb][\/et_pb_column][et_pb_column type=\u00bb3_5&#8243; _builder_version=\u00bb4.25.1&#8243; _module_preset=\u00bbdefault\u00bb global_colors_info=\u00bb{}\u00bb][et_pb_image src=\u00bbhttps:\/\/ibima.eu\/wp-content\/uploads\/2026\/02\/BeReady_ON_RGB-1_Logo.png\u00bb title_text=\u00bbBeReady_ON_RGB-1_Logo\u00bb align=\u00bbcenter\u00bb _builder_version=\u00bb4.27.5&#8243; _module_preset=\u00bbdefault\u00bb width=\u00bb32%\u00bb module_alignment=\u00bbcenter\u00bb custom_margin=\u00bb26px||||false|false\u00bb hover_enabled=\u00bb0&#8243; global_colors_info=\u00bb{}\u00bb sticky_enabled=\u00bb0&#8243;][\/et_pb_image][\/et_pb_column][et_pb_column type=\u00bb1_5&#8243; _builder_version=\u00bb4.25.1&#8243; _module_preset=\u00bbdefault\u00bb global_colors_info=\u00bb{}\u00bb][\/et_pb_column][\/et_pb_row][et_pb_row _builder_version=\u00bb4.27.4&#8243; _module_preset=\u00bbdefault\u00bb custom_margin=\u00bb59px||||false|false\u00bb global_colors_info=\u00bb{}\u00bb][et_pb_column type=\u00bb4_4&#8243; _builder_version=\u00bb4.25.1&#8243; _module_preset=\u00bbdefault\u00bb global_colors_info=\u00bb{}\u00bb][et_pb_heading title=\u00bbBE READY Partnership &#8211; JTC 2026&#8243; _builder_version=\u00bb4.27.5&#8243; _module_preset=\u00bbdefault\u00bb title_text_align=\u00bbcenter\u00bb title_text_color=\u00bb#0C71C3&#8243; title_line_height=\u00bb1.3em\u00bb module_alignment=\u00bbcenter\u00bb hover_enabled=\u00bb0&#8243; global_colors_info=\u00bb{}\u00bb sticky_enabled=\u00bb0&#8243;][\/et_pb_heading][\/et_pb_column][\/et_pb_row][et_pb_row _builder_version=\u00bb4.27.4&#8243; _module_preset=\u00bbdefault\u00bb width=\u00bb75.9%\u00bb custom_margin=\u00bb20px|auto||159px|false|false\u00bb global_colors_info=\u00bb{}\u00bb][et_pb_column type=\u00bb4_4&#8243; _builder_version=\u00bb4.25.1&#8243; _module_preset=\u00bbdefault\u00bb global_colors_info=\u00bb{}\u00bb][et_pb_text admin_label=\u00bbText\u00bb _builder_version=\u00bb4.27.5&#8243; header_text_color=\u00bb#000000&#8243; background_size=\u00bbinitial\u00bb background_position=\u00bbtop_left\u00bb background_repeat=\u00bbrepeat\u00bb width=\u00bb100%\u00bb custom_margin=\u00bb1px|-78px|||false|false\u00bb hover_enabled=\u00bb0&#8243; global_colors_info=\u00bb{}\u00bb sticky_enabled=\u00bb0&#8243;]<\/p>\n<p data-start=\"569\" data-end=\"879\">La <strong data-start=\"572\" data-end=\"628\">European Partnership on Pandemic Preparedness (BE READY)<\/strong> ha lanzado en la <strong data-start=\"665\" data-end=\"692\">Call for Proposals 2026<\/strong>, centrada en su prioridad 1 \u00ab<em>Accelerate knowledge in a <\/em><em>coordinated and integrative manner<\/em>\u00bb .<\/p>\n<p>[\/et_pb_text][et_pb_heading title=\u00bbObjetivos de la convocatoria\u00bb _builder_version=\u00bb4.27.4&#8243; _module_preset=\u00bbdefault\u00bb title_font=\u00bb|||on|||||\u00bb title_text_color=\u00bb#0C71C3&#8243; min_height=\u00bb0px\u00bb custom_margin=\u00bb20px||||false|false\u00bb global_colors_info=\u00bb{}\u00bb custom_padding__hover_enabled=\u00bbon|desktop\u00bb][\/et_pb_heading][\/et_pb_column][\/et_pb_row][et_pb_row admin_label=\u00bbrow\u00bb _builder_version=\u00bb4.25.1&#8243; background_size=\u00bbinitial\u00bb background_position=\u00bbtop_left\u00bb background_repeat=\u00bbrepeat\u00bb width=\u00bb77.1%\u00bb custom_margin=\u00bb|-259px||161px||\u00bb custom_padding=\u00bb|0px||9px||\u00bb global_colors_info=\u00bb{}\u00bb][et_pb_column type=\u00bb4_4&#8243; _builder_version=\u00bb4.16&#8243; custom_padding=\u00bb|||\u00bb global_colors_info=\u00bb{}\u00bb custom_padding__hover=\u00bb|||\u00bb][et_pb_text admin_label=\u00bbText\u00bb _builder_version=\u00bb4.27.5&#8243; header_text_color=\u00bb#000000&#8243; background_size=\u00bbinitial\u00bb background_position=\u00bbtop_left\u00bb background_repeat=\u00bbrepeat\u00bb width=\u00bb100%\u00bb custom_margin=\u00bb11px|-78px|-18px||false|false\u00bb hover_enabled=\u00bb0&#8243; global_colors_info=\u00bb{}\u00bb sticky_enabled=\u00bb0&#8243;]<\/p>\n<p data-start=\"2071\" data-end=\"2365\" style=\"text-align: justify;\">Se espera que las propuestas <strong data-start=\"128\" data-end=\"235\">generen resultados orientados a y que contribuyan al menos a uno de los siguientes resultados esperados<\/strong>:<\/p>\n<ul style=\"text-align: justify;\">\n<li data-start=\"65\" data-end=\"297\">Identification of novel pathogen-specific molecular targets and mutation hotspots (i.e. discovery of critical proteins, enzymes or signalling molecules that play a central role in pathogen infectivity, survival and\/or resistance);<\/li>\n<li data-start=\"65\" data-end=\"297\">Improving the understanding of cross-species (zoonotic) aspects of host\u2013pathogen interactions (in the context of the One Health approach);<\/li>\n<li data-start=\"65\" data-end=\"297\">Application of the \u201cPathogen X\u201d approach to generate transferable knowledge that can then be applied to other threatening viruses of the same family;<\/li>\n<li data-start=\"65\" data-end=\"297\">Identification, development and optimisation of (new) structures with optimal therapeutic activity and low toxicity that can be potential lead compounds (particularly for vulnerable groups);<\/li>\n<li data-start=\"65\" data-end=\"297\">Identification and validation of targets, alongside data integration, interoperability and modelling efforts to demonstrate the potential of these targets, including antigenic structures suitable for vaccine development, for subsequent therapeutic development (i.e. proof-of-concept studies);<\/li>\n<li data-start=\"65\" data-end=\"297\">Improving data integration and modelling to predict pathogen behaviour and therapeutic susceptibilities;<\/li>\n<li data-start=\"65\" data-end=\"297\">Understanding the molecular and cellular mechanisms underlying host-pathogen interactions, in humans including host predisposing factors, to guide future diagnostic, therapeutic and vaccine development;<\/li>\n<li data-start=\"65\" data-end=\"297\">Development and improvement of advanced immunological assays, experimental models and preclinical studies that link host genetics to disease outcomes.<\/li>\n<\/ul>\n<p style=\"text-align: justify;\">Las propuestas deben centrarse en uno o varios virus de las familias <strong data-start=\"132\" data-end=\"293\">Arenaviridae, Coronaviridae, Filoviridae, Flaviviridae, Hantaviridae, Nairoviridae, Orthomyxoviridae, Paramyxoviridae, Phenuiviridae, Poxviridae, Togaviridae<\/strong> o en el denominado <strong data-start=\"313\" data-end=\"329\">\u201cPathogen X\u201d<\/strong>.<\/p>\n<ul>\n<li style=\"list-style-type: none;\">\n<ul><\/ul>\n<\/li>\n<\/ul>\n<ul data-spread=\"false\" style=\"text-align: justify;\"><\/ul>\n<p>[\/et_pb_text][\/et_pb_column][\/et_pb_row][et_pb_row _builder_version=\u00bb4.27.4&#8243; _module_preset=\u00bbdefault\u00bb width=\u00bb75.9%\u00bb custom_margin=\u00bb10px|auto||159px|false|false\u00bb global_colors_info=\u00bb{}\u00bb][et_pb_column type=\u00bb4_4&#8243; _builder_version=\u00bb4.25.1&#8243; _module_preset=\u00bbdefault\u00bb global_colors_info=\u00bb{}\u00bb][et_pb_heading title=\u00bbTemas y enfoques excluidos\u00bb _builder_version=\u00bb4.27.4&#8243; _module_preset=\u00bbdefault\u00bb title_font=\u00bb|||on|||||\u00bb title_text_color=\u00bb#0C71C3&#8243; min_height=\u00bb0px\u00bb custom_margin=\u00bb1px||||false|false\u00bb global_colors_info=\u00bb{}\u00bb custom_padding__hover_enabled=\u00bbon|desktop\u00bb][\/et_pb_heading][et_pb_text _builder_version=\u00bb4.27.5&#8243; _module_preset=\u00bbdefault\u00bb min_height=\u00bb88px\u00bb custom_padding=\u00bb||0px|11px||\u00bb hover_enabled=\u00bb0&#8243; global_colors_info=\u00bb{}\u00bb sticky_enabled=\u00bb0&#8243;]<\/p>\n<ul>\n<li><strong data-start=\"141\" data-end=\"190\">Pat\u00f3genos resistentes a antimicrobianos (AMR)<\/strong> (resistentes a antibi\u00f3ticos y agentes antif\u00fangicos). La pandemia AMR se abordar\u00e1 en detalle en otras redes\/organizaciones, como la <strong data-start=\"322\" data-end=\"397\">European Partnership on One Health Antimicrobial Resistance (EUP OHAMR)<\/strong>.<\/li>\n<li>Investigaciones que aborden las acciones prioritarias 1.3 (Incrementar el conocimiento sobre los aspectos ambientales y sociales que impulsan la aparici\u00f3n de pat\u00f3genos) y 1.4 (Incrementar el conocimiento sobre la din\u00e1mica de transmisi\u00f3n y epidemiolog\u00eda) del <strong data-start=\"663\" data-end=\"671\">SRIA<\/strong>.<\/li>\n<li><strong data-start=\"680\" data-end=\"701\">Estudios cl\u00ednicos<\/strong>.<\/li>\n<\/ul>\n<p>[\/et_pb_text][\/et_pb_column][\/et_pb_row][et_pb_row _builder_version=\u00bb4.27.4&#8243; _module_preset=\u00bbdefault\u00bb width=\u00bb75.9%\u00bb custom_margin=\u00bb14px|auto|-13px|159px|false|false\u00bb global_colors_info=\u00bb{}\u00bb][et_pb_column type=\u00bb4_4&#8243; _builder_version=\u00bb4.25.1&#8243; _module_preset=\u00bbdefault\u00bb global_colors_info=\u00bb{}\u00bb][et_pb_heading title=\u00bbCondiciones generales\u00bb _builder_version=\u00bb4.27.4&#8243; _module_preset=\u00bbdefault\u00bb title_font=\u00bb|||on|||||\u00bb title_text_color=\u00bb#0C71C3&#8243; min_height=\u00bb0px\u00bb custom_margin=\u00bb1px||||false|false\u00bb global_colors_info=\u00bb{}\u00bb custom_padding__hover_enabled=\u00bbon|desktop\u00bb][\/et_pb_heading][et_pb_text _builder_version=\u00bb4.27.5&#8243; _module_preset=\u00bbdefault\u00bb custom_padding=\u00bb||0px|11px||\u00bb hover_enabled=\u00bb0&#8243; global_colors_info=\u00bb{}\u00bb sticky_enabled=\u00bb0&#8243;]<\/p>\n<ul>\n<li style=\"text-align: justify;\">Pa\u00edses incluidos: Austria, Belgium (Flandern), Belgium (Wallonia-Brussels Federation), Belgium (Wallonie), Czech Republic, Denmark, Estonia, France, Germany, Greece, Hungary, Ireland, Italy, Moldova, New Zealand, Norway, Slovakia, Spain, Sweden, The Netherlands y T\u00fcrkiye.<\/li>\n<li style=\"text-align: justify;\">M\u00ednimo: 3 socios elegibles de 3 pa\u00edses diferentes participantes.<\/li>\n<li style=\"text-align: justify;\">M\u00e1ximo: 6 socios, incluyendo autodinanciados (ampliable hasta 7 si incluye un socio de pa\u00eds infrarepresentado: Hungary, Czech Republic, Republic of Moldavia, Estonia \u00a0o una empresa).\u00a0\n<div class=\"flex flex-col text-sm\">\n<article class=\"text-token-text-primary w-full focus:outline-none [--shadow-height:45px] has-data-writing-block:pointer-events-none has-data-writing-block:-mt-(--shadow-height) has-data-writing-block:pt-(--shadow-height) [&amp;:has([data-writing-block])&gt;*]:pointer-events-auto scroll-mt-[calc(var(--header-height)+min(200px,max(70px,20svh)))]\" dir=\"auto\" data-turn-id=\"request-WEB:83521584-d694-4c8e-a525-e27014f54e75-8\" data-testid=\"conversation-turn-18\" data-scroll-anchor=\"true\" data-turn=\"assistant\" tabindex=\"-1\">\n<div class=\"text-base my-auto mx-auto pb-10 [--thread-content-margin:--spacing(4)] @w-sm\/main:[--thread-content-margin:--spacing(6)] @w-lg\/main:[--thread-content-margin:--spacing(16)] px-(--thread-content-margin)\"><\/div>\n<\/article>\n<\/div>\n<\/li>\n<li style=\"text-align: justify;\">Se puede incluir a un socio externo de pa\u00edses que no participan en esta convocatoria, siempre que se garantice financiaci\u00f3n propia.\u00a0<\/li>\n<li>Duraci\u00f3n de los proyectos: 36 meses\n<ul><\/ul>\n<\/li>\n<\/ul>\n<p>[\/et_pb_text][\/et_pb_column][\/et_pb_row][et_pb_row _builder_version=\u00bb4.27.4&#8243; _module_preset=\u00bbdefault\u00bb width=\u00bb75.9%\u00bb custom_margin=\u00bb14px|auto|-13px|159px|false|false\u00bb global_colors_info=\u00bb{}\u00bb][et_pb_column type=\u00bb4_4&#8243; _builder_version=\u00bb4.25.1&#8243; _module_preset=\u00bbdefault\u00bb global_colors_info=\u00bb{}\u00bb][et_pb_heading title=\u00bbFINANCIACI\u00d3N\u00bb _builder_version=\u00bb4.27.5&#8243; _module_preset=\u00bbdefault\u00bb title_font=\u00bb|||on|||||\u00bb title_text_color=\u00bb#0C71C3&#8243; min_height=\u00bb0px\u00bb custom_margin=\u00bb1px||||false|false\u00bb hover_enabled=\u00bb0&#8243; global_colors_info=\u00bb{}\u00bb custom_padding__hover_enabled=\u00bbon|desktop\u00bb sticky_enabled=\u00bb0&#8243;][\/et_pb_heading][et_pb_text _builder_version=\u00bb4.27.5&#8243; _module_preset=\u00bbdefault\u00bb custom_padding=\u00bb||0px|11px||\u00bb hover_enabled=\u00bb0&#8243; global_colors_info=\u00bb{}\u00bb sticky_enabled=\u00bb0&#8243;]<\/p>\n<p><strong data-start=\"465\" data-end=\"531\">Las entidades espa\u00f1olas podr\u00e1n solicitar los fondos al Instituto de Salud Carlos III, con las siguientes reglas:<\/strong><\/p>\n<ul>\n<li data-start=\"536\" data-end=\"559\">Como<span>\u00a0<\/span><strong data-start=\"541\" data-end=\"556\">coordinador<\/strong>:\n<ul>\n<li data-start=\"564\" data-end=\"639\"><strong data-start=\"564\" data-end=\"577\">275.000 \u20ac<\/strong>, si hay solo un socio espa\u00f1ol solicitando fondos al ISCIII.<\/li>\n<li data-start=\"644\" data-end=\"758\"><strong data-start=\"644\" data-end=\"668\">300.000 \u20ac a repartir<\/strong>, si hay dos socios solicitando financiaci\u00f3n al ISCIII, siendo uno de ellos coordinador.<\/li>\n<\/ul>\n<\/li>\n<li data-start=\"644\" data-end=\"758\">Como<span>\u00a0<\/span><strong data-start=\"766\" data-end=\"775\">socio<\/strong>:\n<ul>\n<li data-start=\"644\" data-end=\"758\"><strong data-start=\"783\" data-end=\"796\">220.000 \u20ac<\/strong>, si hay solo un socio espa\u00f1ol solicitando fondos al ISCIII.<\/li>\n<li data-start=\"644\" data-end=\"758\"><strong data-start=\"863\" data-end=\"887\">250.000 \u20ac a repartir<\/strong>, si hay dos socios solicitando financiaci\u00f3n al ISCIII.<\/li>\n<\/ul>\n<\/li>\n<\/ul>\n<p>[\/et_pb_text][\/et_pb_column][\/et_pb_row][et_pb_row _builder_version=\u00bb4.25.1&#8243; _module_preset=\u00bbdefault\u00bb width=\u00bb75.9%\u00bb min_height=\u00bb264px\u00bb custom_margin=\u00bb20px|auto||159px|false|false\u00bb custom_padding=\u00bb||0px|||\u00bb global_colors_info=\u00bb{}\u00bb][et_pb_column type=\u00bb4_4&#8243; _builder_version=\u00bb4.25.1&#8243; _module_preset=\u00bbdefault\u00bb global_colors_info=\u00bb{}\u00bb][et_pb_heading title=\u00bbfechas clave\u00bb _builder_version=\u00bb4.27.4&#8243; _module_preset=\u00bbdefault\u00bb title_font=\u00bb|||on|||||\u00bb title_text_color=\u00bb#0C71C3&#8243; min_height=\u00bb0px\u00bb custom_margin=\u00bb1px||||false|false\u00bb global_colors_info=\u00bb{}\u00bb custom_padding__hover_enabled=\u00bbon|desktop\u00bb][\/et_pb_heading][et_pb_text _builder_version=\u00bb4.27.5&#8243; _module_preset=\u00bbdefault\u00bb custom_padding=\u00bb||0px|11px||\u00bb hover_enabled=\u00bb0&#8243; global_colors_info=\u00bb{}\u00bb sticky_enabled=\u00bb0&#8243;]<\/p>\n<ul>\n<li data-start=\"6152\" data-end=\"6234\"><strong data-start=\"126\" data-end=\"149\">19 de enero de 2026<\/strong> \u2013 Publicaci\u00f3n de la convocatoria<\/li>\n<li data-start=\"6152\" data-end=\"6234\"><strong data-start=\"185\" data-end=\"208\" data-is-only-node=\"\">28 de enero de 2026<\/strong> \u2013 Webinar informativo<\/li>\n<li data-start=\"6152\" data-end=\"6234\"><strong data-start=\"233\" data-end=\"256\">13 de abril de 2026<\/strong> \u2013 Fecha l\u00edmite de presentaci\u00f3n de pre-propuestas<\/li>\n<li data-start=\"6152\" data-end=\"6234\"><strong data-start=\"308\" data-end=\"336\">Finales de junio de 2026<\/strong> \u2013 Comunicaci\u00f3n de resultados e invitaci\u00f3n para la propuesta completa<\/li>\n<li data-start=\"6152\" data-end=\"6234\"><strong data-start=\"408\" data-end=\"432\">20 de agosto de 2026<\/strong> \u2013 Fecha l\u00edmite de presentaci\u00f3n de propuestas completas<\/li>\n<li data-start=\"6152\" data-end=\"6234\"><strong data-start=\"490\" data-end=\"523\">Mediados de noviembre de 2026<\/strong> \u2013 Comunicaci\u00f3n de las decisiones de financiaci\u00f3n a los solicitantes<\/li>\n<\/ul>\n<p>[\/et_pb_text][\/et_pb_column][\/et_pb_row][et_pb_row _builder_version=\u00bb4.25.1&#8243; _module_preset=\u00bbdefault\u00bb width=\u00bb75.9%\u00bb custom_margin=\u00bb-23px|auto||159px|false|false\u00bb global_colors_info=\u00bb{}\u00bb][et_pb_column type=\u00bb4_4&#8243; _builder_version=\u00bb4.25.1&#8243; _module_preset=\u00bbdefault\u00bb global_colors_info=\u00bb{}\u00bb][et_pb_heading title=\u00bbDocumentaci\u00f3n y enlaces clave\u00bb _builder_version=\u00bb4.27.4&#8243; _module_preset=\u00bbdefault\u00bb title_font=\u00bb|||on|||||\u00bb title_text_color=\u00bb#0C71C3&#8243; min_height=\u00bb0px\u00bb custom_margin=\u00bb1px||||false|false\u00bb global_colors_info=\u00bb{}\u00bb custom_padding__hover_enabled=\u00bbon|desktop\u00bb][\/et_pb_heading][et_pb_text _builder_version=\u00bb4.27.5&#8243; _module_preset=\u00bbdefault\u00bb custom_padding=\u00bb|||11px||\u00bb hover_enabled=\u00bb0&#8243; global_colors_info=\u00bb{}\u00bb sticky_enabled=\u00bb0&#8243;]<\/p>\n<ul>\n<li data-start=\"6418\" data-end=\"6460\"><a data-start=\"6418\" data-end=\"6458\" class=\"decorated-link\" href=\"https:\/\/beready4pandemics.eu\/joint-transnational-calls\/\">Web Be Ready &#8211; JTC 2026<\/a><\/li>\n<li data-start=\"6418\" data-end=\"6460\"><a href=\"https:\/\/beready4pandemics.eu\/wp-content\/uploads\/sites\/2\/2026\/01\/BeReady_JTC2026_Call_Text-6.pdf\">Call text<\/a><\/li>\n<li data-start=\"6418\" data-end=\"6460\"><a href=\"https:\/\/beready4pandemics.eu\/wp-content\/uploads\/sites\/2\/2026\/01\/BeReady_JTC2026_Pre-Proposal_template-1.docx\">Template de la prepropuesta<\/a><\/li>\n<li data-start=\"6418\" data-end=\"6460\"><a href=\"https:\/\/ptoutline.eu\/app\/beready\">Plataforma de env\u00edo de propuestas\u00a0<\/a><\/li>\n<li data-start=\"6418\" data-end=\"6460\"><a href=\"https:\/\/partfinder.ncbr.gov.pl\/\">Plataforma de Networking<\/a><\/li>\n<li data-start=\"6418\" data-end=\"6460\"><a href=\"https:\/\/beready4pandemics.eu\/wp-content\/uploads\/sites\/2\/2026\/02\/260128_DLR_Webinar_JTC1.pdf\">Presentaci\u00e9n del webinar de la convocatoria\u00a0<\/a><\/li>\n<li data-start=\"6418\" data-end=\"6460\"><a href=\"https:\/\/beready4pandemics.eu\/wp-content\/uploads\/sites\/2\/2026\/02\/260202_ApplicantQA_BeReady_JTC2026.pdf\">Frequently Asked Questions (FAQ) for Applicants<\/a><\/li>\n<li style=\"list-style-type: none;\">\n<ul>\n<li style=\"list-style-type: none;\">\n<ul><\/ul>\n<\/li>\n<\/ul>\n<\/li>\n<\/ul>\n<p>[\/et_pb_text][\/et_pb_column][\/et_pb_row][\/et_pb_section][et_pb_section fb_built=\u00bb1&#8243; _builder_version=\u00bb4.20.4&#8243; _module_preset=\u00bbdefault\u00bb background_color=\u00bb#195e7f\u00bb global_colors_info=\u00bb{}\u00bb][et_pb_row column_structure=\u00bb1_4,1_4,1_4,1_4&#8243; _builder_version=\u00bb4.20.4&#8243; _module_preset=\u00bbdefault\u00bb custom_padding=\u00bb50px||50px||true|false\u00bb global_colors_info=\u00bb{}\u00bb][et_pb_column type=\u00bb1_4&#8243; _builder_version=\u00bb4.20.4&#8243; _module_preset=\u00bbdefault\u00bb global_colors_info=\u00bb{}\u00bb][et_pb_image src=\u00bbhttps:\/\/ibima.eu\/wp-content\/uploads\/2023\/04\/Logoblancofondoazul.jpg\u00bb title_text=\u00bbLogoblancofondoazul\u00bb force_fullwidth=\u00bbon\u00bb _builder_version=\u00bb4.20.4&#8243; _module_preset=\u00bbdefault\u00bb transform_scale_tablet=\u00bb202%|202%\u00bb transform_scale_phone=\u00bb202%|202%\u00bb transform_scale_last_edited=\u00bbon|tablet\u00bb transform_translate_tablet=\u00bb75px|25px\u00bb transform_translate_phone=\u00bb85px|-15px\u00bb transform_translate_last_edited=\u00bbon|phone\u00bb transform_translate_linked_tablet=\u00bboff\u00bb transform_rotate_tablet=\u00bb\u00bb transform_rotate_phone=\u00bb\u00bb transform_rotate_last_edited=\u00bbon|tablet\u00bb transform_skew_tablet=\u00bb\u00bb transform_skew_phone=\u00bb\u00bb transform_skew_last_edited=\u00bbon|tablet\u00bb transform_origin_tablet=\u00bb\u00bb transform_origin_phone=\u00bb\u00bb transform_origin_last_edited=\u00bbon|tablet\u00bb transform_styles_last_edited=\u00bbon|phone\u00bb min_height_tablet=\u00bb\u00bb min_height_phone=\u00bb\u00bb min_height_last_edited=\u00bbon|desktop\u00bb custom_margin_tablet=\u00bb||0px|-5px|false|false\u00bb custom_margin_phone=\u00bb||30px|-17px|false|false\u00bb custom_margin_last_edited=\u00bbon|tablet\u00bb custom_padding=\u00bb|200px|||false|false\u00bb custom_padding_tablet=\u00bb0px|200px|||false|false\u00bb custom_padding_phone=\u00bb|200px|||false|false\u00bb custom_padding_last_edited=\u00bbon|desktop\u00bb transform_styles_tablet=\u00bb\u00bb transform_styles_phone=\u00bb\u00bb global_colors_info=\u00bb{}\u00bb][\/et_pb_image][et_pb_text _builder_version=\u00bb4.27.0&#8243; _module_preset=\u00bbdefault\u00bb custom_margin=\u00bb14px|||-11%|false|false\u00bb global_colors_info=\u00bb{}\u00bb]<\/p>\n<p class=\"x_MsoNormal\" style=\"text-align: left;\"><span style=\"color: #ffffff;\"><img decoding=\"async\" src=\"https:\/\/ibima.eu\/wp-content\/uploads\/2024\/03\/contact.png\" width=\"20\" style=\"position: relative; top: 3px; left: -5px; float: left;\" \/>Avenida Severo Ochoa, 35, 29590, M\u00e1laga<\/span><\/p>\n<p style=\"color: #ffffff;\"><img decoding=\"async\" src=\"https:\/\/ibima.eu\/wp-content\/uploads\/2024\/03\/phone.png\" width=\"20\" style=\"position: relative; top: 3px; left: -5px;\" \/>952 36 76 00<\/p>\n<p><a href=\"mailto:info@ibima.eu\" data-linkindex=\"0\" id=\"LPlnk315329\"><img decoding=\"async\" src=\"https:\/\/ibima.eu\/wp-content\/uploads\/2024\/03\/email.png\" width=\"20\" style=\"position: relative; top: 3px; left: -5px;\" \/>info@ibima.eu<\/a><\/p>\n<p>[\/et_pb_text][\/et_pb_column][et_pb_column type=\u00bb1_4&#8243; _builder_version=\u00bb4.20.4&#8243; _module_preset=\u00bbdefault\u00bb global_colors_info=\u00bb{}\u00bb][dsm_menu title=\u00bbAPARTADOS PRINCIPALES\u00bb menu_id=\u00bb1332&#8243; menu_link_text_color=\u00bb#FFFFFF\u00bb active_link_color=\u00bb#FFFFFF\u00bb menu_link_text_active_color=\u00bb#FFFFFF\u00bb menu_link_text_visited_color=\u00bb#FFFFFF\u00bb list_style_type=\u00bbnone\u00bb _builder_version=\u00bb4.24.0&#8243; _module_preset=\u00bbdefault\u00bb header_font=\u00bbPoppins||||||||\u00bb header_text_align=\u00bbleft\u00bb header_text_color=\u00bb#FFFFFF\u00bb header_font_size=\u00bb20px\u00bb custom_margin_tablet=\u00bb200px||||false|false\u00bb custom_margin_phone=\u00bb0px||||false|false\u00bb custom_margin_last_edited=\u00bbon|tablet\u00bb global_colors_info=\u00bb{}\u00bb][\/dsm_menu][\/et_pb_column][et_pb_column type=\u00bb1_4&#8243; _builder_version=\u00bb4.20.4&#8243; _module_preset=\u00bbdefault\u00bb global_colors_info=\u00bb{}\u00bb][dsm_menu title=\u00bbTEXTOS LEGALES\u00bb menu_id=\u00bb1333&#8243; menu_link_text_color=\u00bb#FFFFFF\u00bb active_link_color=\u00bb#FFFFFF\u00bb menu_link_text_active_color=\u00bb#FFFFFF\u00bb menu_link_text_visited_color=\u00bb#FFFFFF\u00bb list_style_type=\u00bbnone\u00bb _builder_version=\u00bb4.20.4&#8243; _module_preset=\u00bbdefault\u00bb header_font=\u00bbPoppins||||||||\u00bb header_text_align=\u00bbleft\u00bb header_text_color=\u00bb#FFFFFF\u00bb header_font_size=\u00bb20px\u00bb custom_margin_tablet=\u00bb-155px||||false|false\u00bb custom_margin_phone=\u00bb0px||||false|false\u00bb custom_margin_last_edited=\u00bbon|tablet\u00bb global_colors_info=\u00bb{}\u00bb][\/dsm_menu][\/et_pb_column][et_pb_column type=\u00bb1_4&#8243; _builder_version=\u00bb4.20.4&#8243; _module_preset=\u00bbdefault\u00bb global_colors_info=\u00bb{}\u00bb][et_pb_social_media_follow _builder_version=\u00bb4.27.4&#8243; _module_preset=\u00bbdefault\u00bb custom_margin_tablet=\u00bb5px||||false|false\u00bb custom_margin_phone=\u00bb5px||||false|false\u00bb custom_margin_last_edited=\u00bbon|tablet\u00bb global_colors_info=\u00bb{}\u00bb][et_pb_social_media_follow_network social_network=\u00bbtwitter\u00bb url=\u00bbhttps:\/\/x.com\/_ibima?lang=es%20&#8243; _builder_version=\u00bb4.27.4&#8243; _module_preset=\u00bbdefault\u00bb background_color=\u00bb#000000&#8243; global_colors_info=\u00bb{}\u00bb follow_button=\u00bboff\u00bb url_new_window=\u00bbon\u00bb]twitter[\/et_pb_social_media_follow_network][et_pb_social_media_follow_network social_network=\u00bbfacebook\u00bb url=\u00bbhttps:\/\/www.facebook.com\/Ibima.eu\u00bb _builder_version=\u00bb4.27.4&#8243; _module_preset=\u00bbdefault\u00bb background_color=\u00bb#3b5998&#8243; global_colors_info=\u00bb{}\u00bb follow_button=\u00bboff\u00bb url_new_window=\u00bbon\u00bb]facebook[\/et_pb_social_media_follow_network][et_pb_social_media_follow_network social_network=\u00bbinstagram\u00bb url=\u00bbhttps:\/\/www.instagram.com\/ibima_mlg\/\u00bb _builder_version=\u00bb4.27.4&#8243; _module_preset=\u00bbdefault\u00bb background_color=\u00bb#ea2c59&#8243; global_colors_info=\u00bb{}\u00bb follow_button=\u00bboff\u00bb url_new_window=\u00bbon\u00bb]instagram[\/et_pb_social_media_follow_network][et_pb_social_media_follow_network social_network=\u00bblinkedin\u00bb url=\u00bbhttps:\/\/es.linkedin.com\/company\/ibima\u00bb _builder_version=\u00bb4.27.4&#8243; _module_preset=\u00bbdefault\u00bb background_color=\u00bb#007bb6&#8243; global_colors_info=\u00bb{}\u00bb follow_button=\u00bboff\u00bb url_new_window=\u00bbon\u00bb]linkedin[\/et_pb_social_media_follow_network][et_pb_social_media_follow_network social_network=\u00bbyoutube\u00bb url=\u00bbhttps:\/\/www.youtube.com\/channel\/UCY3UUZTi9X0ur-1Gd6MKonw\u00bb _builder_version=\u00bb4.27.4&#8243; _module_preset=\u00bbdefault\u00bb background_color=\u00bb#a82400&#8243; global_colors_info=\u00bb{}\u00bb follow_button=\u00bboff\u00bb url_new_window=\u00bbon\u00bb]youtube[\/et_pb_social_media_follow_network][\/et_pb_social_media_follow][dsm_icon_list _builder_version=\u00bb4.27.4&#8243; _module_preset=\u00bbdefault\u00bb text_font=\u00bbPoppins|600|||||||\u00bb custom_margin=\u00bb20px||||false|false\u00bb global_colors_info=\u00bb{}\u00bb][dsm_icon_list_child text=\u00bbBuz\u00f3n de sugerencias\u00bb font_icon=\u00bb&#x3d;||divi||400&#8243; icon_color=\u00bb#FFFFFF\u00bb url=\u00bbhttps:\/\/ibima.eu\/es\/comunicacion-con-el-instituto\/\u00bb url_new_window=\u00bbon\u00bb _builder_version=\u00bb4.24.2&#8243; _module_preset=\u00bbdefault\u00bb text_text_color=\u00bb#FFFFFF\u00bb global_colors_info=\u00bb{}\u00bb][\/dsm_icon_list_child][dsm_icon_list_child text=\u00bbBuz\u00f3n de denuncias\u00bb font_icon=\u00bb&#x3d;||divi||400&#8243; icon_color=\u00bb#FFFFFF\u00bb url=\u00bbhttps:\/\/ibima.eu\/es\/canal-de-denuncias\/\u00bb url_new_window=\u00bbon\u00bb _builder_version=\u00bb4.27.4&#8243; _module_preset=\u00bbdefault\u00bb text_text_color=\u00bb#FFFFFF\u00bb global_colors_info=\u00bb{}\u00bb][\/dsm_icon_list_child][\/dsm_icon_list][dsm_icon_list _builder_version=\u00bb4.27.4&#8243; _module_preset=\u00bbdefault\u00bb text_font=\u00bbPoppins|600|||||||\u00bb custom_margin=\u00bb20px||||false|false\u00bb global_colors_info=\u00bb{}\u00bb][dsm_icon_list_child text=\u00bbSuscr\u00edbete al Canal de Divulgaci\u00f3n\u00bb font_icon=\u00bb&#x3d;||divi||400&#8243; icon_color=\u00bb#FFFFFF\u00bb url=\u00bbhttps:\/\/forms.gle\/5mczd4KKMqkBPdBy7&#8243; url_new_window=\u00bbon\u00bb _builder_version=\u00bb4.27.4&#8243; _module_preset=\u00bbdefault\u00bb text_text_color=\u00bb#FFFFFF\u00bb global_colors_info=\u00bb{}\u00bb][\/dsm_icon_list_child][\/dsm_icon_list][\/et_pb_column][\/et_pb_row][\/et_pb_section]<\/p>\n","protected":false},"excerpt":{"rendered":"<p>La European Partnership on Pandemic Preparedness (BE READY) ha lanzado en la Call for Proposals 2026, centrada en su prioridad 1 \u00abAccelerate knowledge in a coordinated and integrative manner\u00bb .Se espera que las propuestas generen resultados orientados a y que contribuyan al menos a uno de los siguientes resultados esperados: Identification of novel pathogen-specific molecular [&hellip;]<\/p>\n","protected":false},"author":4,"featured_media":0,"parent":0,"menu_order":0,"comment_status":"closed","ping_status":"closed","template":"","meta":{"_acf_changed":false,"_et_pb_use_builder":"on","_et_pb_old_content":"","_et_gb_content_width":"","footnotes":""},"class_list":["post-59805","page","type-page","status-publish","hentry"],"acf":[],"yoast_head":"<!-- This site is optimized with the Yoast SEO plugin v27.5 - https:\/\/yoast.com\/product\/yoast-seo-wordpress\/ -->\n<title>BeReady - JTC 2026 - Ibima<\/title>\n<meta name=\"robots\" content=\"index, follow, max-snippet:-1, max-image-preview:large, max-video-preview:-1\" \/>\n<link rel=\"canonical\" href=\"https:\/\/ibima.eu\/es\/beready-jtc-2026\/\" \/>\n<meta property=\"og:locale\" content=\"es_ES\" \/>\n<meta property=\"og:type\" content=\"article\" \/>\n<meta property=\"og:title\" content=\"BeReady - JTC 2026 - Ibima\" \/>\n<meta property=\"og:description\" content=\"La European Partnership on Pandemic Preparedness (BE READY) ha lanzado en la Call for Proposals 2026, centrada en su prioridad 1 &quot;Accelerate knowledge in a coordinated and integrative manner&quot; .Se espera que las propuestas generen resultados orientados a y que contribuyan al menos a uno de los siguientes resultados esperados: Identification of novel pathogen-specific molecular [&hellip;]\" \/>\n<meta property=\"og:url\" content=\"https:\/\/ibima.eu\/es\/beready-jtc-2026\/\" \/>\n<meta property=\"og:site_name\" content=\"Ibima\" \/>\n<meta property=\"article:modified_time\" content=\"2026-02-03T11:50:00+00:00\" \/>\n<meta property=\"og:image\" content=\"https:\/\/ibima.eu\/wp-content\/uploads\/2024\/03\/contact.png\" \/>\n<meta name=\"twitter:card\" content=\"summary_large_image\" \/>\n<meta name=\"twitter:label1\" content=\"Tiempo de lectura\" \/>\n\t<meta name=\"twitter:data1\" content=\"4 minutos\" \/>\n<script type=\"application\/ld+json\" class=\"yoast-schema-graph\">{\"@context\":\"https:\\\/\\\/schema.org\",\"@graph\":[{\"@type\":\"WebPage\",\"@id\":\"https:\\\/\\\/ibima.eu\\\/es\\\/beready-jtc-2026\\\/\",\"url\":\"https:\\\/\\\/ibima.eu\\\/es\\\/beready-jtc-2026\\\/\",\"name\":\"BeReady - JTC 2026 - Ibima\",\"isPartOf\":{\"@id\":\"https:\\\/\\\/ibima.eu\\\/es\\\/#website\"},\"primaryImageOfPage\":{\"@id\":\"https:\\\/\\\/ibima.eu\\\/es\\\/beready-jtc-2026\\\/#primaryimage\"},\"image\":{\"@id\":\"https:\\\/\\\/ibima.eu\\\/es\\\/beready-jtc-2026\\\/#primaryimage\"},\"thumbnailUrl\":\"https:\\\/\\\/ibima.eu\\\/wp-content\\\/uploads\\\/2024\\\/03\\\/contact.png\",\"datePublished\":\"2026-02-03T10:17:55+00:00\",\"dateModified\":\"2026-02-03T11:50:00+00:00\",\"breadcrumb\":{\"@id\":\"https:\\\/\\\/ibima.eu\\\/es\\\/beready-jtc-2026\\\/#breadcrumb\"},\"inLanguage\":\"es\",\"potentialAction\":[{\"@type\":\"ReadAction\",\"target\":[\"https:\\\/\\\/ibima.eu\\\/es\\\/beready-jtc-2026\\\/\"]}]},{\"@type\":\"ImageObject\",\"inLanguage\":\"es\",\"@id\":\"https:\\\/\\\/ibima.eu\\\/es\\\/beready-jtc-2026\\\/#primaryimage\",\"url\":\"https:\\\/\\\/ibima.eu\\\/wp-content\\\/uploads\\\/2024\\\/03\\\/contact.png\",\"contentUrl\":\"https:\\\/\\\/ibima.eu\\\/wp-content\\\/uploads\\\/2024\\\/03\\\/contact.png\"},{\"@type\":\"BreadcrumbList\",\"@id\":\"https:\\\/\\\/ibima.eu\\\/es\\\/beready-jtc-2026\\\/#breadcrumb\",\"itemListElement\":[{\"@type\":\"ListItem\",\"position\":1,\"name\":\"Portada\",\"item\":\"https:\\\/\\\/ibima.eu\\\/es\\\/\"},{\"@type\":\"ListItem\",\"position\":2,\"name\":\"BeReady &#8211; JTC 2026\"}]},{\"@type\":\"WebSite\",\"@id\":\"https:\\\/\\\/ibima.eu\\\/es\\\/#website\",\"url\":\"https:\\\/\\\/ibima.eu\\\/es\\\/\",\"name\":\"Ibima\",\"description\":\"\",\"potentialAction\":[{\"@type\":\"SearchAction\",\"target\":{\"@type\":\"EntryPoint\",\"urlTemplate\":\"https:\\\/\\\/ibima.eu\\\/es\\\/?s={search_term_string}\"},\"query-input\":{\"@type\":\"PropertyValueSpecification\",\"valueRequired\":true,\"valueName\":\"search_term_string\"}}],\"inLanguage\":\"es\"}]}<\/script>\n<!-- \/ Yoast SEO plugin. -->","yoast_head_json":{"title":"BeReady - JTC 2026 - Ibima","robots":{"index":"index","follow":"follow","max-snippet":"max-snippet:-1","max-image-preview":"max-image-preview:large","max-video-preview":"max-video-preview:-1"},"canonical":"https:\/\/ibima.eu\/es\/beready-jtc-2026\/","og_locale":"es_ES","og_type":"article","og_title":"BeReady - JTC 2026 - Ibima","og_description":"La European Partnership on Pandemic Preparedness (BE READY) ha lanzado en la Call for Proposals 2026, centrada en su prioridad 1 \"Accelerate knowledge in a coordinated and integrative manner\" .Se espera que las propuestas generen resultados orientados a y que contribuyan al menos a uno de los siguientes resultados esperados: Identification of novel pathogen-specific molecular [&hellip;]","og_url":"https:\/\/ibima.eu\/es\/beready-jtc-2026\/","og_site_name":"Ibima","article_modified_time":"2026-02-03T11:50:00+00:00","og_image":[{"url":"https:\/\/ibima.eu\/wp-content\/uploads\/2024\/03\/contact.png","type":"","width":"","height":""}],"twitter_card":"summary_large_image","twitter_misc":{"Tiempo de lectura":"4 minutos"},"schema":{"@context":"https:\/\/schema.org","@graph":[{"@type":"WebPage","@id":"https:\/\/ibima.eu\/es\/beready-jtc-2026\/","url":"https:\/\/ibima.eu\/es\/beready-jtc-2026\/","name":"BeReady - JTC 2026 - Ibima","isPartOf":{"@id":"https:\/\/ibima.eu\/es\/#website"},"primaryImageOfPage":{"@id":"https:\/\/ibima.eu\/es\/beready-jtc-2026\/#primaryimage"},"image":{"@id":"https:\/\/ibima.eu\/es\/beready-jtc-2026\/#primaryimage"},"thumbnailUrl":"https:\/\/ibima.eu\/wp-content\/uploads\/2024\/03\/contact.png","datePublished":"2026-02-03T10:17:55+00:00","dateModified":"2026-02-03T11:50:00+00:00","breadcrumb":{"@id":"https:\/\/ibima.eu\/es\/beready-jtc-2026\/#breadcrumb"},"inLanguage":"es","potentialAction":[{"@type":"ReadAction","target":["https:\/\/ibima.eu\/es\/beready-jtc-2026\/"]}]},{"@type":"ImageObject","inLanguage":"es","@id":"https:\/\/ibima.eu\/es\/beready-jtc-2026\/#primaryimage","url":"https:\/\/ibima.eu\/wp-content\/uploads\/2024\/03\/contact.png","contentUrl":"https:\/\/ibima.eu\/wp-content\/uploads\/2024\/03\/contact.png"},{"@type":"BreadcrumbList","@id":"https:\/\/ibima.eu\/es\/beready-jtc-2026\/#breadcrumb","itemListElement":[{"@type":"ListItem","position":1,"name":"Portada","item":"https:\/\/ibima.eu\/es\/"},{"@type":"ListItem","position":2,"name":"BeReady &#8211; JTC 2026"}]},{"@type":"WebSite","@id":"https:\/\/ibima.eu\/es\/#website","url":"https:\/\/ibima.eu\/es\/","name":"Ibima","description":"","potentialAction":[{"@type":"SearchAction","target":{"@type":"EntryPoint","urlTemplate":"https:\/\/ibima.eu\/es\/?s={search_term_string}"},"query-input":{"@type":"PropertyValueSpecification","valueRequired":true,"valueName":"search_term_string"}}],"inLanguage":"es"}]}},"_links":{"self":[{"href":"https:\/\/ibima.eu\/es\/wp-json\/wp\/v2\/pages\/59805","targetHints":{"allow":["GET"]}}],"collection":[{"href":"https:\/\/ibima.eu\/es\/wp-json\/wp\/v2\/pages"}],"about":[{"href":"https:\/\/ibima.eu\/es\/wp-json\/wp\/v2\/types\/page"}],"author":[{"embeddable":true,"href":"https:\/\/ibima.eu\/es\/wp-json\/wp\/v2\/users\/4"}],"replies":[{"embeddable":true,"href":"https:\/\/ibima.eu\/es\/wp-json\/wp\/v2\/comments?post=59805"}],"version-history":[{"count":6,"href":"https:\/\/ibima.eu\/es\/wp-json\/wp\/v2\/pages\/59805\/revisions"}],"predecessor-version":[{"id":59850,"href":"https:\/\/ibima.eu\/es\/wp-json\/wp\/v2\/pages\/59805\/revisions\/59850"}],"wp:attachment":[{"href":"https:\/\/ibima.eu\/es\/wp-json\/wp\/v2\/media?parent=59805"}],"curies":[{"name":"wp","href":"https:\/\/api.w.org\/{rel}","templated":true}]}}